{"id":64032,"date":"2024-04-05T11:19:13","date_gmt":"2024-04-05T09:19:13","guid":{"rendered":"https:\/\/wircon.com\/protection-des-donnees-2\/"},"modified":"2025-05-27T15:04:25","modified_gmt":"2025-05-27T13:04:25","slug":"protection-des-donnees","status":"publish","type":"page","link":"https:\/\/starvert-services.com\/fr\/protection-des-donnees\/","title":{"rendered":"Protection des donnees"},"content":{"rendered":"\t\t<div data-elementor-type=\"wp-page\" data-elementor-id=\"64032\" class=\"elementor elementor-64032 elementor-63598\" data-elementor-post-type=\"page\">\n\t\t\t\t<div class=\"elementor-element elementor-element-f2622f9 e-con-full e-flex e-con e-parent\" data-id=\"f2622f9\" data-element_type=\"container\" data-settings=\"{&quot;background_background&quot;:&quot;classic&quot;}\">\n\t\t\t\t<div class=\"elementor-element elementor-element-820e68f elementor-widget elementor-widget-heading\" data-id=\"820e68f\" data-element_type=\"widget\" data-widget_type=\"heading.default\">\n\t\t\t\t<div class=\"elementor-widget-container\">\n\t\t\t\t\t<h2 class=\"elementor-heading-title elementor-size-default\">Protection des donn\u00e9es<\/h2>\t\t\t\t<\/div>\n\t\t\t\t<\/div>\n\t\t\t\t<\/div>\n\t\t<div class=\"elementor-element elementor-element-de4323f e-con-full e-flex e-con e-parent\" data-id=\"de4323f\" data-element_type=\"container\" data-settings=\"{&quot;background_background&quot;:&quot;classic&quot;}\">\n\t\t\t\t<div class=\"elementor-element elementor-element-fa7e79d elementor-widget elementor-widget-spacer\" data-id=\"fa7e79d\" data-element_type=\"widget\" data-widget_type=\"spacer.default\">\n\t\t\t\t<div class=\"elementor-widget-container\">\n\t\t\t\t\t\t\t<div class=\"elementor-spacer\">\n\t\t\t<div class=\"elementor-spacer-inner\"><\/div>\n\t\t<\/div>\n\t\t\t\t\t\t<\/div>\n\t\t\t\t<\/div>\n\t\t\t\t<\/div>\n\t\t<div class=\"elementor-element elementor-element-f2ba135 e-flex e-con-boxed e-con e-parent\" data-id=\"f2ba135\" data-element_type=\"container\">\n\t\t\t\t\t<div class=\"e-con-inner\">\n\t\t<div class=\"elementor-element elementor-element-fc1e51d e-con-full e-flex e-con e-child\" data-id=\"fc1e51d\" data-element_type=\"container\">\n\t\t\t\t<div class=\"elementor-element elementor-element-1c4127f elementor-widget elementor-widget-heading\" data-id=\"1c4127f\" data-element_type=\"widget\" data-widget_type=\"heading.default\">\n\t\t\t\t<div class=\"elementor-widget-container\">\n\t\t\t\t\t<h2 class=\"elementor-heading-title elementor-size-default\">D\u00e9claration relative \u00e0 la protection des donn\u00e9es<\/h2>\t\t\t\t<\/div>\n\t\t\t\t<\/div>\n\t\t\t\t<div class=\"elementor-element elementor-element-fba7665 elementor-widget elementor-widget-heading\" data-id=\"fba7665\" data-element_type=\"widget\" data-widget_type=\"heading.default\">\n\t\t\t\t<div class=\"elementor-widget-container\">\n\t\t\t\t\t<h2 class=\"elementor-heading-title elementor-size-default\">Aper\u00e7u de la protection des donn\u00e9es<\/h2>\t\t\t\t<\/div>\n\t\t\t\t<\/div>\n\t\t\t\t<\/div>\n\t\t<div class=\"elementor-element elementor-element-25f8845 e-con-full e-flex e-con e-child\" data-id=\"25f8845\" data-element_type=\"container\">\n\t\t\t\t<div class=\"elementor-element elementor-element-ff74acb elementor-widget elementor-widget-n-accordion\" data-id=\"ff74acb\" data-element_type=\"widget\" data-settings=\"{&quot;default_state&quot;:&quot;all_collapsed&quot;,&quot;max_items_expended&quot;:&quot;one&quot;,&quot;n_accordion_animation_duration&quot;:{&quot;unit&quot;:&quot;ms&quot;,&quot;size&quot;:400,&quot;sizes&quot;:[]}}\" data-widget_type=\"nested-accordion.default\">\n\t\t\t\t<div class=\"elementor-widget-container\">\n\t\t\t\t\t\t\t<div class=\"e-n-accordion\" aria-label=\"Accordion. Open links with Enter or Space, close with Escape, and navigate with Arrow Keys\">\n\t\t\t\t\t\t<details id=\"e-n-accordion-item-2670\" class=\"e-n-accordion-item\" >\n\t\t\t\t<summary class=\"e-n-accordion-item-title\" data-accordion-index=\"1\" tabindex=\"0\" aria-expanded=\"false\" aria-controls=\"e-n-accordion-item-2670\" >\n\t\t\t\t\t<span class='e-n-accordion-item-title-header'><div class=\"e-n-accordion-item-title-text\"> Informations d\u2019ordre g\u00e9n\u00e9ral <\/div><\/span>\n\t\t\t\t\t\t\t<span class='e-n-accordion-item-title-icon'>\n\t\t\t<span class='e-opened' ><i aria-hidden=\"true\" class=\"fas fa-angle-down\"><\/i><\/span>\n\t\t\t<span class='e-closed'><i aria-hidden=\"true\" class=\"fas fa-angle-right\"><\/i><\/span>\n\t\t<\/span>\n\n\t\t\t\t\t\t<\/summary>\n\t\t\t\t<div role=\"region\" aria-labelledby=\"e-n-accordion-item-2670\" class=\"elementor-element elementor-element-ccf8bf7 e-con-full e-flex e-con e-child\" data-id=\"ccf8bf7\" data-element_type=\"container\">\n\t\t\t\t<div class=\"elementor-element elementor-element-28e519a elementor-widget elementor-widget-text-editor\" data-id=\"28e519a\" data-element_type=\"widget\" data-widget_type=\"text-editor.default\">\n\t\t\t\t<div class=\"elementor-widget-container\">\n\t\t\t\t\t\t\t\t\t<p>Nous vous remercions de l\u2019int\u00e9r\u00eat que vous portez \u00e0 notre site Internet. La protection des donn\u00e9es \u00e0 caract\u00e8re personnel vous concernant rev\u00eat une importance de tout premier ordre pour la direction de STARVERT Services GmbH &amp; Co. KG lorsque vous effectuez une visite sur notre site Internet. Les informations suivantes vous donnent un aper\u00e7u du traitement auquel nous soumettons les donn\u00e9es \u00e0 caract\u00e8re personnel vous concernant ainsi que des droits qui sont les v\u00f4tres en mati\u00e8re de protection des donn\u00e9es. Les donn\u00e9es \u00e0 caract\u00e8re personnel sont toutes les donn\u00e9es pouvant permettre d\u2019\u00e9tablir un lien personnel avec vous telles que, par exemple, votre nom, votre adresse, vos adresses \u00e9lectroniques, votre comportement d\u2019utilisateur.<\/p><p>Pour autant qu\u2019une personne concern\u00e9e souhaite recourir \u00e0 des services particuliers de notre entreprise via notre site Internet, il est possible que le traitement de donn\u00e9es \u00e0 caract\u00e8re personnel se r\u00e9v\u00e8le n\u00e9cessaire. Si le traitement de donn\u00e9es \u00e0 caract\u00e8re personnel se r\u00e9v\u00e8le n\u00e9cessaire et qu\u2019aucune base l\u00e9gale ne justifie un tel traitement, nous demandons g\u00e9n\u00e9ralement le consentement de la personne concern\u00e9e. Ce faisant, le traitement s\u2019effectue alors toujours en conformit\u00e9 avec le r\u00e8glement g\u00e9n\u00e9ral de l\u2019UE sur la protection des donn\u00e9es (RGPD) et en accord avec les dispositions nationales sp\u00e9cifiques \u00e0 la protection des donn\u00e9es telles qu\u2019elles s\u2019appliquent \u00e0 STARVERT Services GmbH &amp; Co. KG.<\/p><p>STARVERT Services GmbH &amp; Co. KG a, en sa qualit\u00e9 de responsable du traitement, mis en \u0153uvre des mesures techniques et organisationnelles afin d\u2019assurer une protection aussi compl\u00e8te que possible des donn\u00e9es \u00e0 caract\u00e8re personnel trait\u00e9es via le pr\u00e9sent site Internet contre la perte, la destruction, l\u2019acc\u00e8s, la modification ou la diffusion des donn\u00e9es vous concernant par des personnes non autoris\u00e9es. Cela implique \u00e9galement le fait que, pour des raisons de s\u00e9curit\u00e9 et aux fins de la protection de la transmission de contenus confidentiels, tels que, par exemple, les commandes ou les demandes que vous nous envoyez en notre qualit\u00e9 d\u2019exploitant du site, ce site utilise un chiffrement SSL ou TLS. Vous reconnaissez une connexion chiffr\u00e9e au fait que la ligne d\u2019adresse du navigateur passe de \u00ab http:\/\/ \u00bb \u00e0 \u00ab https:\/\/ \u00bb et \u00e0 l\u2019affichage du symbole du cadenas dans la ligne de votre navigateur. Lorsque le chiffrement SSL ou TLS est activ\u00e9, les donn\u00e9es que vous nous transmettez ne peuvent pas \u00eatre lues par des tiers.<\/p><p>Une protection absolue ne saurait toutefois \u00eatre garantie du fait des failles de s\u00e9curit\u00e9 auxquelles sont, par principe, sujettes les transmissions de donn\u00e9es bas\u00e9es sur Internet.<\/p>\t\t\t\t\t\t\t\t<\/div>\n\t\t\t\t<\/div>\n\t\t\t\t<\/div>\n\t\t\t\t\t<\/details>\n\t\t\t\t\t\t<details id=\"e-n-accordion-item-2671\" class=\"e-n-accordion-item\" >\n\t\t\t\t<summary class=\"e-n-accordion-item-title\" data-accordion-index=\"2\" tabindex=\"-1\" aria-expanded=\"false\" aria-controls=\"e-n-accordion-item-2671\" >\n\t\t\t\t\t<span class='e-n-accordion-item-title-header'><div class=\"e-n-accordion-item-title-text\"> Responsable du traitement des donn\u00e9es <\/div><\/span>\n\t\t\t\t\t\t\t<span class='e-n-accordion-item-title-icon'>\n\t\t\t<span class='e-opened' ><i aria-hidden=\"true\" class=\"fas fa-angle-down\"><\/i><\/span>\n\t\t\t<span class='e-closed'><i aria-hidden=\"true\" class=\"fas fa-angle-right\"><\/i><\/span>\n\t\t<\/span>\n\n\t\t\t\t\t\t<\/summary>\n\t\t\t\t<div role=\"region\" aria-labelledby=\"e-n-accordion-item-2671\" class=\"elementor-element elementor-element-5eeb24d e-con-full e-flex e-con e-child\" data-id=\"5eeb24d\" data-element_type=\"container\">\n\t\t\t\t<div class=\"elementor-element elementor-element-7109516 elementor-widget elementor-widget-text-editor\" data-id=\"7109516\" data-element_type=\"widget\" data-widget_type=\"text-editor.default\">\n\t\t\t\t<div class=\"elementor-widget-container\">\n\t\t\t\t\t\t\t\t\t<p>Le responsable du traitement conform\u00e9ment \u00e0 l\u2019art.\u00a04, par.\u00a07 du RGPD et aux dispositions nationales en vigueur en mati\u00e8re de protection des donn\u00e9es est la soci\u00e9t\u00e9\u00a0:<br \/><strong><br \/>STARVERT Services GmbH &amp; Co. KG<\/strong><br \/>Konrad-Zuse-Ring 30 | 68163 Mannheim, Allemagne<br \/>+49\u00a0(0) 621\u00a0\/ 17293400 |\u00a0<a href=\"mailto:info@wircon.com\">info@starvert-services.com<\/a><\/p><p>Veuillez envoyer vos questions d\u2019ordre g\u00e9n\u00e9ral ayant trait \u00e0 la protection des donn\u00e9es au sein de STARVERT Services GmbH &amp; Co. KG \u00e0 l\u2019adresse \u00e9lectronique suivante : protectiondesdonnees(at)wircon.com.<\/p><p>Vous pouvez contacter notre d\u00e9l\u00e9gu\u00e9 \u00e0 la protection des donn\u00e9es par courrier postal \u00e0 l\u2019adresse susmentionn\u00e9e en ajoutant la mention \u00ab\u00a0D\u00e9l\u00e9gu\u00e9 \u00e0 la protection des donn\u00e9es\u00a0\u00bb, ou par courrier \u00e9lectronique \u00e0 l\u2019adresse suivante\u00a0:\u00a0<a href=\"mailto:delegue_protectiondesdonnees@wircon.com\">delegue_protectiondesdonnees(at)starvert-services.com<\/a>.<\/p><p>La r\u00e9ception de courriers \u00e9lectroniques peut, dans certains cas exceptionnels, \u00eatre perturb\u00e9e pour des raisons d\u2019ordre technique ou op\u00e9rationnel. Veuillez veiller \u00e0 ce que les messages rev\u00eatant un caract\u00e8re urgent soient \u00e9galement transmis par voie postale ou par t\u00e9l\u00e9copie. Veuillez garder \u00e0 l\u2019esprit le fait que la communication par courrier \u00e9lectronique est, par principe, peu s\u00fbre, car la possibilit\u00e9 existe que des tiers en prennent connaissance et la manipule. Les donn\u00e9es confidentielles ne sauraient en aucun cas \u00eatre transmises par courrier \u00e9lectronique sans faire l\u2019objet d\u2019un chiffrement.<\/p>\t\t\t\t\t\t\t\t<\/div>\n\t\t\t\t<\/div>\n\t\t\t\t<\/div>\n\t\t\t\t\t<\/details>\n\t\t\t\t\t\t<details id=\"e-n-accordion-item-2672\" class=\"e-n-accordion-item\" >\n\t\t\t\t<summary class=\"e-n-accordion-item-title\" data-accordion-index=\"3\" tabindex=\"-1\" aria-expanded=\"false\" aria-controls=\"e-n-accordion-item-2672\" >\n\t\t\t\t\t<span class='e-n-accordion-item-title-header'><div class=\"e-n-accordion-item-title-text\"> Comment collectons-nous les donn\u00e9es vous concernant ? <\/div><\/span>\n\t\t\t\t\t\t\t<span class='e-n-accordion-item-title-icon'>\n\t\t\t<span class='e-opened' ><i aria-hidden=\"true\" class=\"fas fa-angle-down\"><\/i><\/span>\n\t\t\t<span class='e-closed'><i aria-hidden=\"true\" class=\"fas fa-angle-right\"><\/i><\/span>\n\t\t<\/span>\n\n\t\t\t\t\t\t<\/summary>\n\t\t\t\t<div role=\"region\" aria-labelledby=\"e-n-accordion-item-2672\" class=\"elementor-element elementor-element-ec9a00f e-con-full e-flex e-con e-child\" data-id=\"ec9a00f\" data-element_type=\"container\">\n\t\t\t\t<div class=\"elementor-element elementor-element-e487454 elementor-widget elementor-widget-text-editor\" data-id=\"e487454\" data-element_type=\"widget\" data-widget_type=\"text-editor.default\">\n\t\t\t\t<div class=\"elementor-widget-container\">\n\t\t\t\t\t\t\t\t\t<p>Les donn\u00e9es vous concernant sont notamment collect\u00e9es parce que vous nous les communiquez. Il peut, \u00e0 cet \u00e9gard, s\u2019agir, p. ex., de donn\u00e9es que vous saisissez dans un formulaire de contact.<\/p>\n<p>D\u2019autres donn\u00e9es sont collect\u00e9es automatiquement ou apr\u00e8s votre consentement par nos syst\u00e8mes informatiques lorsque vous visitez le site Internet. Il s\u2019agit, pour l\u2019essentiel, de donn\u00e9es techniques (navigateur Internet, syst\u00e8me d\u2019exploitation ou heure de consultation du site, p. ex.). La collecte de ces donn\u00e9es s\u2019effectue de mani\u00e8re automatique d\u00e8s que vous acc\u00e9dez au pr\u00e9sent site Internet.<\/p>\n\t\t\t\t\t\t\t\t<\/div>\n\t\t\t\t<\/div>\n\t\t\t\t<\/div>\n\t\t\t\t\t<\/details>\n\t\t\t\t\t\t<details id=\"e-n-accordion-item-2673\" class=\"e-n-accordion-item\" >\n\t\t\t\t<summary class=\"e-n-accordion-item-title\" data-accordion-index=\"4\" tabindex=\"-1\" aria-expanded=\"false\" aria-controls=\"e-n-accordion-item-2673\" >\n\t\t\t\t\t<span class='e-n-accordion-item-title-header'><div class=\"e-n-accordion-item-title-text\"> \u00c0 quelles fins utilisons-nous les donn\u00e9es vous concernant ? <\/div><\/span>\n\t\t\t\t\t\t\t<span class='e-n-accordion-item-title-icon'>\n\t\t\t<span class='e-opened' ><i aria-hidden=\"true\" class=\"fas fa-angle-down\"><\/i><\/span>\n\t\t\t<span class='e-closed'><i aria-hidden=\"true\" class=\"fas fa-angle-right\"><\/i><\/span>\n\t\t<\/span>\n\n\t\t\t\t\t\t<\/summary>\n\t\t\t\t<div role=\"region\" aria-labelledby=\"e-n-accordion-item-2673\" class=\"elementor-element elementor-element-37ff948 e-con-full e-flex e-con e-child\" data-id=\"37ff948\" data-element_type=\"container\">\n\t\t\t\t<div class=\"elementor-element elementor-element-e5dc143 elementor-widget elementor-widget-text-editor\" data-id=\"e5dc143\" data-element_type=\"widget\" data-widget_type=\"text-editor.default\">\n\t\t\t\t<div class=\"elementor-widget-container\">\n\t\t\t\t\t\t\t\t\t<p>Une partie des donn\u00e9es est collect\u00e9e afin de garantir une mise \u00e0 disposition impeccable du site Internet. D\u2019autres donn\u00e9es peuvent \u00eatre utilis\u00e9es pour analyser votre comportement d\u2019utilisateur.<\/p>\n\t\t\t\t\t\t\t\t<\/div>\n\t\t\t\t<\/div>\n\t\t\t\t<\/div>\n\t\t\t\t\t<\/details>\n\t\t\t\t\t\t<details id=\"e-n-accordion-item-2674\" class=\"e-n-accordion-item\" >\n\t\t\t\t<summary class=\"e-n-accordion-item-title\" data-accordion-index=\"5\" tabindex=\"-1\" aria-expanded=\"false\" aria-controls=\"e-n-accordion-item-2674\" >\n\t\t\t\t\t<span class='e-n-accordion-item-title-header'><div class=\"e-n-accordion-item-title-text\"> Qui obtient les donn\u00e9es me concernant ? <\/div><\/span>\n\t\t\t\t\t\t\t<span class='e-n-accordion-item-title-icon'>\n\t\t\t<span class='e-opened' ><i aria-hidden=\"true\" class=\"fas fa-angle-down\"><\/i><\/span>\n\t\t\t<span class='e-closed'><i aria-hidden=\"true\" class=\"fas fa-angle-right\"><\/i><\/span>\n\t\t<\/span>\n\n\t\t\t\t\t\t<\/summary>\n\t\t\t\t<div role=\"region\" aria-labelledby=\"e-n-accordion-item-2674\" class=\"elementor-element elementor-element-d31801d e-con-full e-flex e-con e-child\" data-id=\"d31801d\" data-element_type=\"container\">\n\t\t\t\t<div class=\"elementor-element elementor-element-489de6d elementor-widget elementor-widget-text-editor\" data-id=\"489de6d\" data-element_type=\"widget\" data-widget_type=\"text-editor.default\">\n\t\t\t\t<div class=\"elementor-widget-container\">\n\t\t\t\t\t\t\t\t\t<p>Sauf disposition contraire figurant dans les descriptions d\u00e9taill\u00e9es des offres, les services ayant acc\u00e8s aux donn\u00e9es vous concernant au sein de notre entreprise, sont ceux qui en ont besoin pour remplir les obligations contractuelles et l\u00e9gales qui sont les n\u00f4tres ou pour mettre en \u0153uvre les int\u00e9r\u00eats l\u00e9gitimes qui sont les n\u00f4tres. Nous ne transmettrons des informations vous concernant en dehors de l\u2019entreprise que si des obligations de communication l\u00e9gales ou administratives le permettent ou l\u2019imposent, si la transmission est n\u00e9cessaire \u00e0 l\u2019ex\u00e9cution et, par l\u00e0 m\u00eame, \u00e0 la r\u00e9alisation du contrat ou, \u00e0 votre demande, \u00e0 l\u2019ex\u00e9cution de mesures pr\u00e9contractuelles, si nous disposons de votre consentement ou si nous sommes habilit\u00e9s \u00e0 fournir un renseignement.<\/p>\n<p>Dans le cas o\u00f9 nous faisons appel \u00e0 des prestataires de services mandat\u00e9s pour certaines fonctions de notre offre, ceux-ci ont \u00e9t\u00e9 rigoureusement s\u00e9lectionn\u00e9s et mandat\u00e9s par nos soins, sont tenus de respecter nos instructions et sont r\u00e9guli\u00e8rement contr\u00f4l\u00e9s. Les donn\u00e9es \u00e0 caract\u00e8re personnel vous concernant sont, le cas \u00e9ch\u00e9ant, trait\u00e9es sur la base de contrats de sous-traitance conform\u00e9ment \u00e0 l\u2019art.\u00a028 du RGPD et nous veillons \u00e0 ce que le traitement des donn\u00e9es \u00e0 caract\u00e8re personnel soit effectu\u00e9 conform\u00e9ment aux dispositions du RGPD. Les cat\u00e9gories de destinataires sont, dans ce cas, nos prestataires de services pour l\u2019h\u00e9bergement du site Internet.<\/p>\n\t\t\t\t\t\t\t\t<\/div>\n\t\t\t\t<\/div>\n\t\t\t\t<\/div>\n\t\t\t\t\t<\/details>\n\t\t\t\t\t\t<details id=\"e-n-accordion-item-2675\" class=\"e-n-accordion-item\" >\n\t\t\t\t<summary class=\"e-n-accordion-item-title\" data-accordion-index=\"6\" tabindex=\"-1\" aria-expanded=\"false\" aria-controls=\"e-n-accordion-item-2675\" >\n\t\t\t\t\t<span class='e-n-accordion-item-title-header'><div class=\"e-n-accordion-item-title-text\"> Remarques d\u2019ordre g\u00e9n\u00e9ral relatives aux bases juridiques du traitement des donn\u00e9es sur le pr\u00e9sent site Internet <\/div><\/span>\n\t\t\t\t\t\t\t<span class='e-n-accordion-item-title-icon'>\n\t\t\t<span class='e-opened' ><i aria-hidden=\"true\" class=\"fas fa-angle-down\"><\/i><\/span>\n\t\t\t<span class='e-closed'><i aria-hidden=\"true\" class=\"fas fa-angle-right\"><\/i><\/span>\n\t\t<\/span>\n\n\t\t\t\t\t\t<\/summary>\n\t\t\t\t<div role=\"region\" aria-labelledby=\"e-n-accordion-item-2675\" class=\"elementor-element elementor-element-45455a7 e-con-full e-flex e-con e-child\" data-id=\"45455a7\" data-element_type=\"container\">\n\t\t\t\t<div class=\"elementor-element elementor-element-b8f52f9 elementor-widget elementor-widget-text-editor\" data-id=\"b8f52f9\" data-element_type=\"widget\" data-widget_type=\"text-editor.default\">\n\t\t\t\t<div class=\"elementor-widget-container\">\n\t\t\t\t\t\t\t\t\t<p>Pour autant que vous ayez donn\u00e9 votre consentement au traitement des donn\u00e9es, nous traitons les donn\u00e9es \u00e0 caract\u00e8re personnel vous concernant sur la base de l\u2019art.\u00a06, par.\u00a01, pt\u00a0a) du RGPD ou de l\u2019art.\u00a09, par.\u00a02, pt\u00a0a) du RGPD, pour autant que des cat\u00e9gories particuli\u00e8res de donn\u00e9es soient trait\u00e9es conform\u00e9ment \u00e0 l\u2019art.\u00a09, par.\u00a01 du RGPD. Dans le cas d\u2019un consentement explicite au transfert de donn\u00e9es \u00e0 caract\u00e8re personnel vers des pays tiers, le traitement des donn\u00e9es s\u2019effectue en outre sur la base de l\u2019art.\u00a049, par.\u00a01, pt\u00a0a) du RGPD. Pour autant que vous ayez consenti \u00e0 l\u2019enregistrement de t\u00e9moins de connexion (\u00ab\u00a0cookies\u00a0\u00bb) ou \u00e0 l\u2019acc\u00e8s \u00e0 des informations sur votre terminal (via la prise d\u2019empreinte num\u00e9rique de l\u2019appareil, p.\u00a0ex.), le traitement des donn\u00e9es s\u2019effectue en outre sur la base du \u00a7\u00a025, par.\u00a01 de la Loi allemande relative \u00e0 la protection des donn\u00e9es en mati\u00e8re de t\u00e9l\u00e9communications et de t\u00e9l\u00e9m\u00e9dias (<em>Telekommunikation-Telemedien-Datenschutz-Gesetz<\/em>, TTDSG). Le consentement peut \u00eatre retir\u00e9 \u00e0 tout moment. Si les donn\u00e9es vous concernant sont n\u00e9cessaires \u00e0 l\u2019ex\u00e9cution d\u2019un contrat ou \u00e0 la mise en \u0153uvre de mesures pr\u00e9contractuelles, nous traitons les donn\u00e9es vous concernant sur la base de l\u2019art.\u00a06, par.\u00a01, pt\u00a0b), du RGPD. En outre, et pour autant que les donn\u00e9es vous concernant soient n\u00e9cessaires pour remplir une obligation l\u00e9gale, nous les traitons sur la base de l\u2019art.\u00a06, par.\u00a01, pt\u00a0c) du RGPD. Le traitement des donn\u00e9es peut, en outre, \u00eatre effectu\u00e9 sur la base des int\u00e9r\u00eats l\u00e9gitimes qui sont les n\u00f4tres, conform\u00e9ment \u00e0 l\u2019art.\u00a06, par.\u00a01, pt\u00a0f) du RGPD. Les paragraphes suivants de la pr\u00e9sente d\u00e9claration de protection des donn\u00e9es fournissent des informations quant aux bases juridiques applicables au cas par cas.<\/p>\n\t\t\t\t\t\t\t\t<\/div>\n\t\t\t\t<\/div>\n\t\t\t\t<\/div>\n\t\t\t\t\t<\/details>\n\t\t\t\t\t\t<details id=\"e-n-accordion-item-2676\" class=\"e-n-accordion-item\" >\n\t\t\t\t<summary class=\"e-n-accordion-item-title\" data-accordion-index=\"7\" tabindex=\"-1\" aria-expanded=\"false\" aria-controls=\"e-n-accordion-item-2676\" >\n\t\t\t\t\t<span class='e-n-accordion-item-title-header'><div class=\"e-n-accordion-item-title-text\"> Dur\u00e9e de conservation <\/div><\/span>\n\t\t\t\t\t\t\t<span class='e-n-accordion-item-title-icon'>\n\t\t\t<span class='e-opened' ><i aria-hidden=\"true\" class=\"fas fa-angle-down\"><\/i><\/span>\n\t\t\t<span class='e-closed'><i aria-hidden=\"true\" class=\"fas fa-angle-right\"><\/i><\/span>\n\t\t<\/span>\n\n\t\t\t\t\t\t<\/summary>\n\t\t\t\t<div role=\"region\" aria-labelledby=\"e-n-accordion-item-2676\" class=\"elementor-element elementor-element-0bb2b38 e-con-full e-flex e-con e-child\" data-id=\"0bb2b38\" data-element_type=\"container\">\n\t\t\t\t<div class=\"elementor-element elementor-element-6440568 elementor-widget elementor-widget-text-editor\" data-id=\"6440568\" data-element_type=\"widget\" data-widget_type=\"text-editor.default\">\n\t\t\t\t<div class=\"elementor-widget-container\">\n\t\t\t\t\t\t\t\t\t<p>Dans la mesure o\u00f9 aucune dur\u00e9e de conservation sp\u00e9cifique n\u2019a \u00e9t\u00e9 mentionn\u00e9e dans les pr\u00e9sentes informations relatives \u00e0 la protection des donn\u00e9es, les donn\u00e9es \u00e0 caract\u00e8re personnel vous concernant demeurent chez nous jusqu\u2019\u00e0 ce que la finalit\u00e9 du traitement des donn\u00e9es n\u2019ait plus lieu d\u2019\u00eatre. Si vous faites valoir une demande l\u00e9gitime d\u2019effacement ou si vous retirez un consentement au traitement des donn\u00e9es, les donn\u00e9es vous concernant seront effac\u00e9es, pour autant que nous n\u2019ayons aucune autre raison l\u00e9galement valable de conserver les donn\u00e9es \u00e0 caract\u00e8re personnel vous concernant (d\u00e9lais de conservation au titre du droit fiscal ou commercial, p.\u00a0ex.)\u00a0; dans ce dernier cas, l\u2019effacement aura lieu d\u00e8s que ces raisons auront disparu.<\/p>\n\t\t\t\t\t\t\t\t<\/div>\n\t\t\t\t<\/div>\n\t\t\t\t<\/div>\n\t\t\t\t\t<\/details>\n\t\t\t\t\t<\/div>\n\t\t\t\t\t\t<\/div>\n\t\t\t\t<\/div>\n\t\t\t\t<\/div>\n\t\t\t\t\t<\/div>\n\t\t\t\t<\/div>\n\t\t<div class=\"elementor-element elementor-element-ffed57c e-flex e-con-boxed e-con e-parent\" data-id=\"ffed57c\" data-element_type=\"container\">\n\t\t\t\t\t<div class=\"e-con-inner\">\n\t\t<div class=\"elementor-element elementor-element-561b649 e-con-full e-flex e-con e-child\" data-id=\"561b649\" data-element_type=\"container\">\n\t\t\t\t<div class=\"elementor-element elementor-element-44849a7 elementor-widget elementor-widget-heading\" data-id=\"44849a7\" data-element_type=\"widget\" data-widget_type=\"heading.default\">\n\t\t\t\t<div class=\"elementor-widget-container\">\n\t\t\t\t\t<h2 class=\"elementor-heading-title elementor-size-default\">Vos droits<\/h2>\t\t\t\t<\/div>\n\t\t\t\t<\/div>\n\t\t\t\t<\/div>\n\t\t<div class=\"elementor-element elementor-element-5f7bc86 e-con-full e-flex e-con e-child\" data-id=\"5f7bc86\" data-element_type=\"container\">\n\t\t\t\t<div class=\"elementor-element elementor-element-e203fdf elementor-widget elementor-widget-n-accordion\" data-id=\"e203fdf\" data-element_type=\"widget\" data-settings=\"{&quot;default_state&quot;:&quot;all_collapsed&quot;,&quot;max_items_expended&quot;:&quot;one&quot;,&quot;n_accordion_animation_duration&quot;:{&quot;unit&quot;:&quot;ms&quot;,&quot;size&quot;:400,&quot;sizes&quot;:[]}}\" data-widget_type=\"nested-accordion.default\">\n\t\t\t\t<div class=\"elementor-widget-container\">\n\t\t\t\t\t\t\t<div class=\"e-n-accordion\" aria-label=\"Accordion. Open links with Enter or Space, close with Escape, and navigate with Arrow Keys\">\n\t\t\t\t\t\t<details id=\"e-n-accordion-item-2360\" class=\"e-n-accordion-item\" >\n\t\t\t\t<summary class=\"e-n-accordion-item-title\" data-accordion-index=\"1\" tabindex=\"0\" aria-expanded=\"false\" aria-controls=\"e-n-accordion-item-2360\" >\n\t\t\t\t\t<span class='e-n-accordion-item-title-header'><div class=\"e-n-accordion-item-title-text\"> Droit d\u2019acc\u00e8s, de rectification et d\u2019effacement <\/div><\/span>\n\t\t\t\t\t\t\t<span class='e-n-accordion-item-title-icon'>\n\t\t\t<span class='e-opened' ><i aria-hidden=\"true\" class=\"fas fa-angle-down\"><\/i><\/span>\n\t\t\t<span class='e-closed'><i aria-hidden=\"true\" class=\"fas fa-angle-right\"><\/i><\/span>\n\t\t<\/span>\n\n\t\t\t\t\t\t<\/summary>\n\t\t\t\t<div role=\"region\" aria-labelledby=\"e-n-accordion-item-2360\" class=\"elementor-element elementor-element-59c895c e-con-full e-flex e-con e-child\" data-id=\"59c895c\" data-element_type=\"container\">\n\t\t\t\t<div class=\"elementor-element elementor-element-417e89f elementor-widget elementor-widget-text-editor\" data-id=\"417e89f\" data-element_type=\"widget\" data-widget_type=\"text-editor.default\">\n\t\t\t\t<div class=\"elementor-widget-container\">\n\t\t\t\t\t\t\t\t\t<p>Vous avez, dans le cadre des dispositions l\u00e9gales en vigueur, \u00e0 tout moment le droit d\u2019acc\u00e9der gratuitement aux donn\u00e9es \u00e0 caract\u00e8re personnel conserv\u00e9es qui vous concernent, \u00e0 leur origine et \u00e0 leur destinataire ainsi qu\u2019\u00e0 la finalit\u00e9 du traitement des donn\u00e9es et, le cas \u00e9ch\u00e9ant, vous disposez d\u2019un droit de rectification ou d\u2019effacement de ces donn\u00e9es. Vous pouvez \u00e0 tout moment nous contacter \u00e0 ce sujet ou pour toute autre question ayant trait aux donn\u00e9es \u00e0 caract\u00e8re personnel.<\/p>\n\t\t\t\t\t\t\t\t<\/div>\n\t\t\t\t<\/div>\n\t\t\t\t<\/div>\n\t\t\t\t\t<\/details>\n\t\t\t\t\t\t<details id=\"e-n-accordion-item-2361\" class=\"e-n-accordion-item\" >\n\t\t\t\t<summary class=\"e-n-accordion-item-title\" data-accordion-index=\"2\" tabindex=\"-1\" aria-expanded=\"false\" aria-controls=\"e-n-accordion-item-2361\" >\n\t\t\t\t\t<span class='e-n-accordion-item-title-header'><div class=\"e-n-accordion-item-title-text\"> Droit \u00e0 la limitation du traitement <\/div><\/span>\n\t\t\t\t\t\t\t<span class='e-n-accordion-item-title-icon'>\n\t\t\t<span class='e-opened' ><i aria-hidden=\"true\" class=\"fas fa-angle-down\"><\/i><\/span>\n\t\t\t<span class='e-closed'><i aria-hidden=\"true\" class=\"fas fa-angle-right\"><\/i><\/span>\n\t\t<\/span>\n\n\t\t\t\t\t\t<\/summary>\n\t\t\t\t<div role=\"region\" aria-labelledby=\"e-n-accordion-item-2361\" class=\"elementor-element elementor-element-6f51975 e-con-full e-flex e-con e-child\" data-id=\"6f51975\" data-element_type=\"container\">\n\t\t\t\t<div class=\"elementor-element elementor-element-7ecfbe1 elementor-widget elementor-widget-text-editor\" data-id=\"7ecfbe1\" data-element_type=\"widget\" data-widget_type=\"text-editor.default\">\n\t\t\t\t<div class=\"elementor-widget-container\">\n\t\t\t\t\t\t\t\t\t<p>Vous avez, en outre, le droit d\u2019exiger la limitation du traitement des donn\u00e9es \u00e0 caract\u00e8re personnel vous concernant. Vous pouvez \u00e0 tout moment nous contacter \u00e0 ce sujet. Le droit \u00e0 la limitation du traitement existe dans les cas suivants\u00a0:<\/p>\n<ul>\n<li>Si vous contestez l\u2019exactitude des donn\u00e9es \u00e0 caract\u00e8re personnel vous concernant conserv\u00e9es par nos soins, nous avons g\u00e9n\u00e9ralement besoin de temps pour v\u00e9rifier cela. Pendant la dur\u00e9e de la v\u00e9rification, vous avez le droit d\u2019exiger la limitation du traitement des donn\u00e9es \u00e0 caract\u00e8re personnel vous concernant.<\/li>\n<li>Si le traitement des donn\u00e9es \u00e0 caract\u00e8re personnel vous concernant s\u2019est produit\/se produit de mani\u00e8re illicite, vous pouvez demander la limitation du traitement des donn\u00e9es au lieu de leur effacement.<\/li>\n<li>Si nous n\u2019avons plus besoin des donn\u00e9es \u00e0 caract\u00e8re personnel vous concernant, mais que vous en avez besoin pour exercer, d\u00e9fendre ou faire valoir des droits juridiques, vous avez le droit d\u2019exiger la limitation du traitement des donn\u00e9es \u00e0 caract\u00e8re personnel vous concernant au lieu de leur effacement.<\/li>\n<li>Si vous avez fait opposition conform\u00e9ment \u00e0 l\u2019art.\u00a021, par.\u00a01 du RGPD, un \u00e9quilibre doit alors \u00eatre trouv\u00e9 entre vos int\u00e9r\u00eats et les n\u00f4tres. Tant que les int\u00e9r\u00eats qui pr\u00e9valent n\u2019ont pas encore \u00e9t\u00e9 d\u00e9termin\u00e9s, vous avez le droit d\u2019exiger la limitation du traitement des donn\u00e9es \u00e0 caract\u00e8re personnel vous concernant.<\/li>\n<\/ul>\n<p>Si vous avez limit\u00e9 le traitement des donn\u00e9es \u00e0 caract\u00e8re personnel vous concernant, ces donn\u00e9es ne peuvent, \u00e0 l\u2019exception de la conservation, \u00eatre trait\u00e9es qu\u2019avec votre consentement, ou pour la constatation, l\u2019exercice ou la d\u00e9fense de droits en justice, ou pour la protection des droits d\u2019une autre personne physique ou morale, ou encore pour des motifs importants d\u2019int\u00e9r\u00eat public de l\u2019Union ou d\u2019un \u00c9tat membre.<\/p>\n\t\t\t\t\t\t\t\t<\/div>\n\t\t\t\t<\/div>\n\t\t\t\t<\/div>\n\t\t\t\t\t<\/details>\n\t\t\t\t\t\t<details id=\"e-n-accordion-item-2362\" class=\"e-n-accordion-item\" >\n\t\t\t\t<summary class=\"e-n-accordion-item-title\" data-accordion-index=\"3\" tabindex=\"-1\" aria-expanded=\"false\" aria-controls=\"e-n-accordion-item-2362\" >\n\t\t\t\t\t<span class='e-n-accordion-item-title-header'><div class=\"e-n-accordion-item-title-text\"> Droit \u00e0 la portabilit\u00e9 des donn\u00e9es <\/div><\/span>\n\t\t\t\t\t\t\t<span class='e-n-accordion-item-title-icon'>\n\t\t\t<span class='e-opened' ><i aria-hidden=\"true\" class=\"fas fa-angle-down\"><\/i><\/span>\n\t\t\t<span class='e-closed'><i aria-hidden=\"true\" class=\"fas fa-angle-right\"><\/i><\/span>\n\t\t<\/span>\n\n\t\t\t\t\t\t<\/summary>\n\t\t\t\t<div role=\"region\" aria-labelledby=\"e-n-accordion-item-2362\" class=\"elementor-element elementor-element-40da263 e-con-full e-flex e-con e-child\" data-id=\"40da263\" data-element_type=\"container\">\n\t\t\t\t<div class=\"elementor-element elementor-element-34b29cb elementor-widget elementor-widget-text-editor\" data-id=\"34b29cb\" data-element_type=\"widget\" data-widget_type=\"text-editor.default\">\n\t\t\t\t<div class=\"elementor-widget-container\">\n\t\t\t\t\t\t\t\t\t<p>Vous avez le droit de vous faire remettre ou de faire remettre \u00e0 un tiers, dans un format couramment utilis\u00e9 et lisible par machine, les donn\u00e9es que nous traitons de mani\u00e8re automatis\u00e9e sur la base de votre consentement ou au titre de l\u2019ex\u00e9cution d\u2019un contrat. Pour autant que vous demandiez le transfert direct des donn\u00e9es \u00e0 un autre responsable du traitement, cela ne sera effectu\u00e9 que dans la mesure o\u00f9 cela est techniquement possible.<\/p>\n\t\t\t\t\t\t\t\t<\/div>\n\t\t\t\t<\/div>\n\t\t\t\t<\/div>\n\t\t\t\t\t<\/details>\n\t\t\t\t\t\t<details id=\"e-n-accordion-item-2363\" class=\"e-n-accordion-item\" >\n\t\t\t\t<summary class=\"e-n-accordion-item-title\" data-accordion-index=\"4\" tabindex=\"-1\" aria-expanded=\"false\" aria-controls=\"e-n-accordion-item-2363\" >\n\t\t\t\t\t<span class='e-n-accordion-item-title-header'><div class=\"e-n-accordion-item-title-text\"> Droit d\u2019opposition \u00e0 la collecte de donn\u00e9es dans des cas particuliers ainsi que contre des fins de prospection (art. 21 du RGPD) <\/div><\/span>\n\t\t\t\t\t\t\t<span class='e-n-accordion-item-title-icon'>\n\t\t\t<span class='e-opened' ><i aria-hidden=\"true\" class=\"fas fa-angle-down\"><\/i><\/span>\n\t\t\t<span class='e-closed'><i aria-hidden=\"true\" class=\"fas fa-angle-right\"><\/i><\/span>\n\t\t<\/span>\n\n\t\t\t\t\t\t<\/summary>\n\t\t\t\t<div role=\"region\" aria-labelledby=\"e-n-accordion-item-2363\" class=\"elementor-element elementor-element-2d91680 e-con-full e-flex e-con e-child\" data-id=\"2d91680\" data-element_type=\"container\">\n\t\t\t\t<div class=\"elementor-element elementor-element-3ee1401 elementor-widget elementor-widget-text-editor\" data-id=\"3ee1401\" data-element_type=\"widget\" data-widget_type=\"text-editor.default\">\n\t\t\t\t<div class=\"elementor-widget-container\">\n\t\t\t\t\t\t\t\t\t<p>LORSQUE LE TRAITEMENT DES DONN\u00c9ES EST EFFECTU\u00c9 SUR LA BASE DE L\u2019ART. 6, PAR. 1, PT E) OU F) DU RGPD, VOUS AVEZ \u00c0 TOUT MOMENT LE DROIT DE VOUS OPPOSER, POUR DES RAISONS TENANT \u00c0 VOTRE SITUATION PARTICULI\u00c8RE, AU TRAITEMENT DES DONN\u00c9ES \u00c0 CARACT\u00c8RE PERSONNEL VOUS CONCERNANT, Y COMPRIS AU PROFILAGE FOND\u00c9 SUR CES DISPOSITIONS. LES PR\u00c9SENTES INFORMATIONS RELATIVES \u00c0 LA PROTECTION DES DONN\u00c9ES VOUS PR\u00c9SENTENT LES BASES JURIDIQUES RESPECTIVES SUR LESQUELLES REPOSE UN TRAITEMENT. SI VOUS EXERCEZ VOTRE DROIT D\u2019OPPOSITION, NOUS NE TRAITERONS PLUS LES DONN\u00c9ES \u00c0 CARACT\u00c8RE PERSONNEL CONCERN\u00c9ES VOUS CONCERNANT, \u00c0 MOINS QUE NOUS PUISSIONS D\u00c9MONTRER QU\u2019IL EXISTE DES MOTIFS L\u00c9GITIMES ET IMP\u00c9RIEUX POUR LE TRAITEMENT QUI PR\u00c9VALENT SUR VOS INT\u00c9R\u00caTS, VOS DROITS ET VOS LIBERT\u00c9S, OU QUE LE TRAITEMENT SERVE \u00c0 FAIRE VALOIR, \u00c0 EXERCER OU \u00c0 D\u00c9FENDRE DES DROITS EN JUSTICE (OPPOSITION EN VERTU DE L\u2019ART. 21, PAR. 1 RGPD).<\/p>\n<p>SI LES DONN\u00c9ES \u00c0 CARACT\u00c8RE PERSONNEL VOUS CONCERNANT SONT TRAIT\u00c9ES \u00c0 DES FINS DE PROSPECTION, VOUS AVEZ ALORS \u00c0 TOUT MOMENT LE DROIT DE VOUS OPPOSER AU TRAITEMENT DE DONN\u00c9ES \u00c0 CARACT\u00c8RE PERSONNEL VOUS CONCERNANT \u00c0 DE TELLES FINS DE PROSPECTION, Y COMPRIS AU PROFILAGE DANS LA MESURE O\u00d9 CELUI-CI EST LI\u00c9 \u00c0 UNE TELLE PROSPECTION. SI VOUS EXERCEZ VOTRE DROIT D\u2019OPPOSITION, LES DONN\u00c9ES \u00c0 CARACT\u00c8RE PERSONNEL VOUS CONCERNANT NE SERONT PLUS UTILIS\u00c9ES \u00c0 DES FINS DE PROSPECTION (OPPOSITION EN VERTU DE L\u2019ART. 21, PAR. 2 RGPD).<\/p>\n\t\t\t\t\t\t\t\t<\/div>\n\t\t\t\t<\/div>\n\t\t\t\t<\/div>\n\t\t\t\t\t<\/details>\n\t\t\t\t\t\t<details id=\"e-n-accordion-item-2364\" class=\"e-n-accordion-item\" >\n\t\t\t\t<summary class=\"e-n-accordion-item-title\" data-accordion-index=\"5\" tabindex=\"-1\" aria-expanded=\"false\" aria-controls=\"e-n-accordion-item-2364\" >\n\t\t\t\t\t<span class='e-n-accordion-item-title-header'><div class=\"e-n-accordion-item-title-text\"> Retrait de votre consentement au traitement des donn\u00e9es <\/div><\/span>\n\t\t\t\t\t\t\t<span class='e-n-accordion-item-title-icon'>\n\t\t\t<span class='e-opened' ><i aria-hidden=\"true\" class=\"fas fa-angle-down\"><\/i><\/span>\n\t\t\t<span class='e-closed'><i aria-hidden=\"true\" class=\"fas fa-angle-right\"><\/i><\/span>\n\t\t<\/span>\n\n\t\t\t\t\t\t<\/summary>\n\t\t\t\t<div role=\"region\" aria-labelledby=\"e-n-accordion-item-2364\" class=\"elementor-element elementor-element-ce36df4 e-con-full e-flex e-con e-child\" data-id=\"ce36df4\" data-element_type=\"container\">\n\t\t\t\t<div class=\"elementor-element elementor-element-5046a8f elementor-widget elementor-widget-text-editor\" data-id=\"5046a8f\" data-element_type=\"widget\" data-widget_type=\"text-editor.default\">\n\t\t\t\t<div class=\"elementor-widget-container\">\n\t\t\t\t\t\t\t\t\t<p>De nombreuses op\u00e9rations de traitement de donn\u00e9es ne sont possibles qu\u2019avec votre consentement explicite. Vous pouvez \u00e0 tout moment retirer un consentement pr\u00e9c\u00e9demment donn\u00e9 par vos soins. Le retrait du consentement ne compromet pas la lic\u00e9it\u00e9 du traitement fond\u00e9 sur le consentement effectu\u00e9 avant ce retrait.<\/p>\n\t\t\t\t\t\t\t\t<\/div>\n\t\t\t\t<\/div>\n\t\t\t\t<\/div>\n\t\t\t\t\t<\/details>\n\t\t\t\t\t\t<details id=\"e-n-accordion-item-2365\" class=\"e-n-accordion-item\" >\n\t\t\t\t<summary class=\"e-n-accordion-item-title\" data-accordion-index=\"6\" tabindex=\"-1\" aria-expanded=\"false\" aria-controls=\"e-n-accordion-item-2365\" >\n\t\t\t\t\t<span class='e-n-accordion-item-title-header'><div class=\"e-n-accordion-item-title-text\"> Droit d\u2019introduire une r\u00e9clamation aupr\u00e8s d\u2019une autorit\u00e9 de contr\u00f4le comp\u00e9tente <\/div><\/span>\n\t\t\t\t\t\t\t<span class='e-n-accordion-item-title-icon'>\n\t\t\t<span class='e-opened' ><i aria-hidden=\"true\" class=\"fas fa-angle-down\"><\/i><\/span>\n\t\t\t<span class='e-closed'><i aria-hidden=\"true\" class=\"fas fa-angle-right\"><\/i><\/span>\n\t\t<\/span>\n\n\t\t\t\t\t\t<\/summary>\n\t\t\t\t<div role=\"region\" aria-labelledby=\"e-n-accordion-item-2365\" class=\"elementor-element elementor-element-a7731c8 e-con-full e-flex e-con e-child\" data-id=\"a7731c8\" data-element_type=\"container\">\n\t\t\t\t<div class=\"elementor-element elementor-element-cc90950 elementor-widget elementor-widget-text-editor\" data-id=\"cc90950\" data-element_type=\"widget\" data-widget_type=\"text-editor.default\">\n\t\t\t\t<div class=\"elementor-widget-container\">\n\t\t\t\t\t\t\t\t\t<p>En cas de violation du RGPD, les personnes concern\u00e9es disposent d\u2019un droit d\u2019introduire une r\u00e9clamation aupr\u00e8s d\u2019une autorit\u00e9 de contr\u00f4le, en particulier dans l\u2019\u00c9tat membre dans lequel se trouve leur r\u00e9sidence habituelle, leur lieu de travail ou le lieu o\u00f9 la violation aurait \u00e9t\u00e9 commise. Le droit d\u2019introduire une r\u00e9clamation existe sans pr\u00e9judice des autres voies de recours administratives ou juridictionnelles.<\/p>\n<p>Dans le cas du Land de Bade-Wurtemberg, il s\u2019agit du d\u00e9l\u00e9gu\u00e9 dudit Land \u00e0 la protection des donn\u00e9es et \u00e0 la libert\u00e9 d\u2019information, K\u00f6nigstrasse\u00a010\u00a0a, 70173\u00a0Stuttgart, Allemagne.<\/p>\n\t\t\t\t\t\t\t\t<\/div>\n\t\t\t\t<\/div>\n\t\t\t\t<\/div>\n\t\t\t\t\t<\/details>\n\t\t\t\t\t<\/div>\n\t\t\t\t\t\t<\/div>\n\t\t\t\t<\/div>\n\t\t\t\t<\/div>\n\t\t\t\t\t<\/div>\n\t\t\t\t<\/div>\n\t\t<div class=\"elementor-element elementor-element-97eeb30 e-flex e-con-boxed e-con e-parent\" data-id=\"97eeb30\" data-element_type=\"container\">\n\t\t\t\t\t<div class=\"e-con-inner\">\n\t\t<div class=\"elementor-element elementor-element-da102ef e-con-full e-flex e-con e-child\" data-id=\"da102ef\" data-element_type=\"container\">\n\t\t\t\t<div class=\"elementor-element elementor-element-ed87fd4 elementor-widget elementor-widget-heading\" data-id=\"ed87fd4\" data-element_type=\"widget\" data-widget_type=\"heading.default\">\n\t\t\t\t<div class=\"elementor-widget-container\">\n\t\t\t\t\t<h2 class=\"elementor-heading-title elementor-size-default\">Collecte de donn\u00e9es sur notre site Internet<\/h2>\t\t\t\t<\/div>\n\t\t\t\t<\/div>\n\t\t\t\t<\/div>\n\t\t<div class=\"elementor-element elementor-element-aca1d53 e-con-full e-flex e-con e-child\" data-id=\"aca1d53\" data-element_type=\"container\">\n\t\t\t\t<div class=\"elementor-element elementor-element-22ac1ac elementor-widget elementor-widget-n-accordion\" data-id=\"22ac1ac\" data-element_type=\"widget\" data-settings=\"{&quot;default_state&quot;:&quot;all_collapsed&quot;,&quot;max_items_expended&quot;:&quot;one&quot;,&quot;n_accordion_animation_duration&quot;:{&quot;unit&quot;:&quot;ms&quot;,&quot;size&quot;:400,&quot;sizes&quot;:[]}}\" data-widget_type=\"nested-accordion.default\">\n\t\t\t\t<div class=\"elementor-widget-container\">\n\t\t\t\t\t\t\t<div class=\"e-n-accordion\" aria-label=\"Accordion. Open links with Enter or Space, close with Escape, and navigate with Arrow Keys\">\n\t\t\t\t\t\t<details id=\"e-n-accordion-item-3630\" class=\"e-n-accordion-item\" >\n\t\t\t\t<summary class=\"e-n-accordion-item-title\" data-accordion-index=\"1\" tabindex=\"0\" aria-expanded=\"false\" aria-controls=\"e-n-accordion-item-3630\" >\n\t\t\t\t\t<span class='e-n-accordion-item-title-header'><div class=\"e-n-accordion-item-title-text\"> H\u00e9bergement externe <\/div><\/span>\n\t\t\t\t\t\t\t<span class='e-n-accordion-item-title-icon'>\n\t\t\t<span class='e-opened' ><i aria-hidden=\"true\" class=\"fas fa-angle-down\"><\/i><\/span>\n\t\t\t<span class='e-closed'><i aria-hidden=\"true\" class=\"fas fa-angle-right\"><\/i><\/span>\n\t\t<\/span>\n\n\t\t\t\t\t\t<\/summary>\n\t\t\t\t<div role=\"region\" aria-labelledby=\"e-n-accordion-item-3630\" class=\"elementor-element elementor-element-06147b1 e-con-full e-flex e-con e-child\" data-id=\"06147b1\" data-element_type=\"container\">\n\t\t\t\t<div class=\"elementor-element elementor-element-f0d4ffa elementor-widget elementor-widget-text-editor\" data-id=\"f0d4ffa\" data-element_type=\"widget\" data-widget_type=\"text-editor.default\">\n\t\t\t\t<div class=\"elementor-widget-container\">\n\t\t\t\t\t\t\t\t\t<p>Le pr\u00e9sent site Internet est h\u00e9berg\u00e9 par un prestataire de services externe (h\u00e9bergeur). Les donn\u00e9es \u00e0 caract\u00e8re personnel collect\u00e9es sur le pr\u00e9sent site Internet sont conserv\u00e9es sur les serveurs de l\u2019h\u00e9bergeur. Il peut, \u00e0 cet \u00e9gard, s\u2019agir notamment d\u2019adresses\u00a0IP, de demandes de contact, de m\u00e9tadonn\u00e9es et de donn\u00e9es de communication, de donn\u00e9es contractuelles, de coordonn\u00e9es, de noms, d\u2019acc\u00e8s au site Internet et d\u2019autres donn\u00e9es g\u00e9n\u00e9r\u00e9es par tout site Internet.<\/p>\n<p>Le recours \u00e0 l\u2019h\u00e9bergeur a lieu aux fins de l\u2019ex\u00e9cution du contrat vis-\u00e0-vis de nos clients potentiels et existants (art.\u00a06, par.\u00a0 1, pt\u00a0b) du RGPD) et dans l\u2019int\u00e9r\u00eat d\u2019une mise \u00e0 disposition rapide, efficace et en toute s\u00e9curit\u00e9 de notre offre en ligne par un fournisseur professionnel, conform\u00e9ment \u00e0 l\u2019art.\u00a06, par.\u00a0 1, pt\u00a0f) du RGPD). Pour autant qu\u2019un consentement correspondant ait \u00e9t\u00e9 demand\u00e9, le traitement est exclusivement effectu\u00e9 sur la base de l\u2019art.\u00a06, par.\u00a0 1, pt\u00a0a) du RGPD et du \u00a7\u00a025, par.\u00a0 1 de la loi TTDSG, dans la mesure o\u00f9 le consentement englobe la conservation de t\u00e9moins de connexion (\u00ab\u00a0cookies\u00a0\u00bb) ou l\u2019acc\u00e8s \u00e0 des informations dans l\u2019\u00e9quipement terminal de l\u2019utilisateur (prise d\u2019empreinte num\u00e9rique de l\u2019appareil, p.\u00a0ex.) au sens de la loi\u00a0TTDSG. Le consentement peut \u00eatre retir\u00e9 \u00e0 tout moment.<\/p>\n<p>Notre h\u00e9bergeur ne traitera les donn\u00e9es vous concernant que dans la mesure o\u00f9 cela est n\u00e9cessaire \u00e0 l\u2019ex\u00e9cution de ses obligations de prestation et se conformera \u00e0 nos instructions en ce qui concerne ces donn\u00e9es. Afin de garantir un traitement conforme aux exigences de la protection des donn\u00e9es, nous avons conclu un contrat r\u00e9gissant le traitement des commandes avec notre h\u00e9bergeur.<\/p>\n\t\t\t\t\t\t\t\t<\/div>\n\t\t\t\t<\/div>\n\t\t\t\t<\/div>\n\t\t\t\t\t<\/details>\n\t\t\t\t\t\t<details id=\"e-n-accordion-item-3631\" class=\"e-n-accordion-item\" >\n\t\t\t\t<summary class=\"e-n-accordion-item-title\" data-accordion-index=\"2\" tabindex=\"-1\" aria-expanded=\"false\" aria-controls=\"e-n-accordion-item-3631\" >\n\t\t\t\t\t<span class='e-n-accordion-item-title-header'><div class=\"e-n-accordion-item-title-text\"> Utilisation de t\u00e9moins de connexion (\u00ab cookies \u00bb) <\/div><\/span>\n\t\t\t\t\t\t\t<span class='e-n-accordion-item-title-icon'>\n\t\t\t<span class='e-opened' ><i aria-hidden=\"true\" class=\"fas fa-angle-down\"><\/i><\/span>\n\t\t\t<span class='e-closed'><i aria-hidden=\"true\" class=\"fas fa-angle-right\"><\/i><\/span>\n\t\t<\/span>\n\n\t\t\t\t\t\t<\/summary>\n\t\t\t\t<div role=\"region\" aria-labelledby=\"e-n-accordion-item-3631\" class=\"elementor-element elementor-element-8ca866f e-con-full e-flex e-con e-child\" data-id=\"8ca866f\" data-element_type=\"container\">\n\t\t\t\t<div class=\"elementor-element elementor-element-e34eea0 elementor-widget elementor-widget-text-editor\" data-id=\"e34eea0\" data-element_type=\"widget\" data-widget_type=\"text-editor.default\">\n\t\t\t\t<div class=\"elementor-widget-container\">\n\t\t\t\t\t\t\t\t\t<p>Les t\u00e9moins de connexion sont de petits fichiers qui sont conserv\u00e9s sur les appareils des utilisateurs. Les t\u00e9moins de connexion permettent de conserver diff\u00e9rentes informations. Ces informations peuvent, par exemple, comprendre les param\u00e8tres de langue sur un site Internet ou l\u2019endroit o\u00f9 une vid\u00e9o a \u00e9t\u00e9 regard\u00e9e.<\/p>\n<p>Notre site Internet n\u2019utilise actuellement aucun t\u00e9moin de connexion.<\/p>\n\t\t\t\t\t\t\t\t<\/div>\n\t\t\t\t<\/div>\n\t\t\t\t<\/div>\n\t\t\t\t\t<\/details>\n\t\t\t\t\t\t<details id=\"e-n-accordion-item-3632\" class=\"e-n-accordion-item\" >\n\t\t\t\t<summary class=\"e-n-accordion-item-title\" data-accordion-index=\"3\" tabindex=\"-1\" aria-expanded=\"false\" aria-controls=\"e-n-accordion-item-3632\" >\n\t\t\t\t\t<span class='e-n-accordion-item-title-header'><div class=\"e-n-accordion-item-title-text\"> Demande par courrier \u00e9lectronique, t\u00e9l\u00e9phone ou t\u00e9l\u00e9copie <\/div><\/span>\n\t\t\t\t\t\t\t<span class='e-n-accordion-item-title-icon'>\n\t\t\t<span class='e-opened' ><i aria-hidden=\"true\" class=\"fas fa-angle-down\"><\/i><\/span>\n\t\t\t<span class='e-closed'><i aria-hidden=\"true\" class=\"fas fa-angle-right\"><\/i><\/span>\n\t\t<\/span>\n\n\t\t\t\t\t\t<\/summary>\n\t\t\t\t<div role=\"region\" aria-labelledby=\"e-n-accordion-item-3632\" class=\"elementor-element elementor-element-04a2aef e-con-full e-flex e-con e-child\" data-id=\"04a2aef\" data-element_type=\"container\">\n\t\t\t\t<div class=\"elementor-element elementor-element-7572915 elementor-widget elementor-widget-text-editor\" data-id=\"7572915\" data-element_type=\"widget\" data-widget_type=\"text-editor.default\">\n\t\t\t\t<div class=\"elementor-widget-container\">\n\t\t\t\t\t\t\t\t\t<p>Lorsque vous nous contactez par courrier \u00e9lectronique, t\u00e9l\u00e9phone ou t\u00e9l\u00e9copie, votre demande, en ce compris toutes les donn\u00e9es \u00e0 caract\u00e8re personnel qui en d\u00e9coulent (nom, demande), est conserv\u00e9e par nos soins aux fins de son traitement. Nous ne transmettons pas ces donn\u00e9es sans votre consentement.<\/p>\n<p>Pour autant que votre demande soit li\u00e9e \u00e0 l\u2019ex\u00e9cution d\u2019un contrat ou qu\u2019elle soit n\u00e9cessaire \u00e0 l\u2019ex\u00e9cution de mesures pr\u00e9contractuelles, le traitement de ces donn\u00e9es est effectu\u00e9 sur la base de l\u2019art.\u00a06, par.\u00a0 1, pt\u00a0b) du RGPD. Dans tous les autres cas, le traitement repose sur notre int\u00e9r\u00eat l\u00e9gitime \u00e0 traiter efficacement les demandes qui nous sont adress\u00e9es (art.\u00a06, par.\u00a0 1, pt\u00a0f) du RGPD).<\/p>\n<p>Les donn\u00e9es transmises par vos soins \u00e0 nos services via des demandes de contact demeurent chez nous jusqu\u2019\u00e0 ce que vous nous demandiez de les effacer, que vous retiriez votre consentement \u00e0 la conservation ou que la finalit\u00e9 de la conservation des donn\u00e9es n\u2019ait plus lieu d\u2019\u00eatre (apr\u00e8s ach\u00e8vement du traitement de votre demande, p.\u00a0ex.). Les dispositions l\u00e9gales contraignantes \u2013\u00a0notamment les d\u00e9lais de conservation l\u00e9gaux\u00a0\u2013 ne sont pas affect\u00e9es.<\/p>\n\t\t\t\t\t\t\t\t<\/div>\n\t\t\t\t<\/div>\n\t\t\t\t<\/div>\n\t\t\t\t\t<\/details>\n\t\t\t\t\t\t<details id=\"e-n-accordion-item-3633\" class=\"e-n-accordion-item\" >\n\t\t\t\t<summary class=\"e-n-accordion-item-title\" data-accordion-index=\"4\" tabindex=\"-1\" aria-expanded=\"false\" aria-controls=\"e-n-accordion-item-3633\" >\n\t\t\t\t\t<span class='e-n-accordion-item-title-header'><div class=\"e-n-accordion-item-title-text\"> Traitement des donn\u00e9es des candidats <\/div><\/span>\n\t\t\t\t\t\t\t<span class='e-n-accordion-item-title-icon'>\n\t\t\t<span class='e-opened' ><i aria-hidden=\"true\" class=\"fas fa-angle-down\"><\/i><\/span>\n\t\t\t<span class='e-closed'><i aria-hidden=\"true\" class=\"fas fa-angle-right\"><\/i><\/span>\n\t\t<\/span>\n\n\t\t\t\t\t\t<\/summary>\n\t\t\t\t<div role=\"region\" aria-labelledby=\"e-n-accordion-item-3633\" class=\"elementor-element elementor-element-17bf893 e-con-full e-flex e-con e-child\" data-id=\"17bf893\" data-element_type=\"container\">\n\t\t\t\t<div class=\"elementor-element elementor-element-6683aba elementor-widget elementor-widget-text-editor\" data-id=\"6683aba\" data-element_type=\"widget\" data-widget_type=\"text-editor.default\">\n\t\t\t\t<div class=\"elementor-widget-container\">\n\t\t\t\t\t\t\t\t\t<p>Nous vous offrons la possibilit\u00e9 de postuler chez nous (par courrier \u00e9lectronique, par voie postale ou via le formulaire de candidature en ligne, p.\u00a0ex.). Nous vous informons ci-apr\u00e8s de l\u2019\u00e9tendue, de la finalit\u00e9 et de l\u2019utilisation des donn\u00e9es \u00e0 caract\u00e8re personnel vous concernant collect\u00e9es dans le cadre du processus de candidature. Nous assurons que la collecte, le traitement et l\u2019utilisation des donn\u00e9es vous concernant sont conformes \u00e0 la l\u00e9gislation en vigueur en mati\u00e8re de protection des donn\u00e9es et \u00e0 toutes les autres dispositions l\u00e9gales, et que les donn\u00e9es vous concernant sont trait\u00e9es de mani\u00e8re strictement confidentielle.<\/p>\n\t\t\t\t\t\t\t\t<\/div>\n\t\t\t\t<\/div>\n\t\t\t\t<\/div>\n\t\t\t\t\t<\/details>\n\t\t\t\t\t\t<details id=\"e-n-accordion-item-3634\" class=\"e-n-accordion-item\" >\n\t\t\t\t<summary class=\"e-n-accordion-item-title\" data-accordion-index=\"5\" tabindex=\"-1\" aria-expanded=\"false\" aria-controls=\"e-n-accordion-item-3634\" >\n\t\t\t\t\t<span class='e-n-accordion-item-title-header'><div class=\"e-n-accordion-item-title-text\"> Port\u00e9e et finalit\u00e9 de la collecte des donn\u00e9es <\/div><\/span>\n\t\t\t\t\t\t\t<span class='e-n-accordion-item-title-icon'>\n\t\t\t<span class='e-opened' ><i aria-hidden=\"true\" class=\"fas fa-angle-down\"><\/i><\/span>\n\t\t\t<span class='e-closed'><i aria-hidden=\"true\" class=\"fas fa-angle-right\"><\/i><\/span>\n\t\t<\/span>\n\n\t\t\t\t\t\t<\/summary>\n\t\t\t\t<div role=\"region\" aria-labelledby=\"e-n-accordion-item-3634\" class=\"elementor-element elementor-element-50b5c28 e-con-full e-flex e-con e-child\" data-id=\"50b5c28\" data-element_type=\"container\">\n\t\t\t\t<div class=\"elementor-element elementor-element-8951f53 elementor-widget elementor-widget-text-editor\" data-id=\"8951f53\" data-element_type=\"widget\" data-widget_type=\"text-editor.default\">\n\t\t\t\t<div class=\"elementor-widget-container\">\n\t\t\t\t\t\t\t\t\t<p>Dans la mesure o\u00f9 cela est n\u00e9cessaire pour d\u00e9cider de la conclusion d\u2019une relation de travail, lorsque vous nous faites parvenir une candidature, nous traitons les donn\u00e9es \u00e0 caract\u00e8re personnel vous concernant qui y sont li\u00e9es (coordonn\u00e9es, donn\u00e9es de communication, dossier de candidature, etc., p.\u00a0ex.). La base juridique est, \u00e0 cet \u00e9gard, le \u00a7\u00a026 de la Loi f\u00e9d\u00e9rale allemande relative \u00e0 la protection des donn\u00e9es (<em>Bundesdatenschutzgesetz<\/em>, BDSG) selon le droit allemand (initiation d\u2019une relation de travail), l\u2019art.\u00a06, par.\u00a0 1, pt\u00a0b) du RGPD (mise en place g\u00e9n\u00e9rale d\u2019un contrat) et \u2013\u00a0pour autant que vous ayez donn\u00e9 un consentement\u00a0\u2013 l\u2019art.\u00a06, par.\u00a0 1, pt\u00a0a) du RGPD. Le consentement peut \u00eatre retir\u00e9 \u00e0 tout moment, avec effet pour l\u2019avenir. Au sein de notre entreprise, les donn\u00e9es \u00e0 caract\u00e8re personnel vous concernant ne sont transmises qu\u2019\u00e0 des personnes impliqu\u00e9es dans le traitement de votre candidature.<\/p>\n<p>Pour autant que la candidature soit retenue, les donn\u00e9es soumises par vos soins sont conserv\u00e9es dans nos syst\u00e8mes de traitement des donn\u00e9es sur la base du \u00a7\u00a026 de la loi BDSG et de l\u2019art.\u00a06, par.\u00a0 1, pt\u00a0b) du RGPD aux fins de la mise en \u0153uvre de la relation de travail.<\/p>\n\t\t\t\t\t\t\t\t<\/div>\n\t\t\t\t<\/div>\n\t\t\t\t<\/div>\n\t\t\t\t\t<\/details>\n\t\t\t\t\t\t<details id=\"e-n-accordion-item-3635\" class=\"e-n-accordion-item\" >\n\t\t\t\t<summary class=\"e-n-accordion-item-title\" data-accordion-index=\"6\" tabindex=\"-1\" aria-expanded=\"false\" aria-controls=\"e-n-accordion-item-3635\" >\n\t\t\t\t\t<span class='e-n-accordion-item-title-header'><div class=\"e-n-accordion-item-title-text\"> Dur\u00e9e de conservation des donn\u00e9es <\/div><\/span>\n\t\t\t\t\t\t\t<span class='e-n-accordion-item-title-icon'>\n\t\t\t<span class='e-opened' ><i aria-hidden=\"true\" class=\"fas fa-angle-down\"><\/i><\/span>\n\t\t\t<span class='e-closed'><i aria-hidden=\"true\" class=\"fas fa-angle-right\"><\/i><\/span>\n\t\t<\/span>\n\n\t\t\t\t\t\t<\/summary>\n\t\t\t\t<div role=\"region\" aria-labelledby=\"e-n-accordion-item-3635\" class=\"elementor-element elementor-element-a1f3b3c e-con-full e-flex e-con e-child\" data-id=\"a1f3b3c\" data-element_type=\"container\">\n\t\t\t\t<div class=\"elementor-element elementor-element-76c39fd elementor-widget elementor-widget-text-editor\" data-id=\"76c39fd\" data-element_type=\"widget\" data-widget_type=\"text-editor.default\">\n\t\t\t\t<div class=\"elementor-widget-container\">\n\t\t\t\t\t\t\t\t\t<p>Pour autant que nous ne puissions pas vous proposer d\u2019offre d\u2019emploi, o\u00f9 que vous refusiez une offre d\u2019emploi ou retiriez votre candidature, nous nous r\u00e9servons, sur la base de nos int\u00e9r\u00eats l\u00e9gitimes (art.\u00a06, par.\u00a0 1, pt\u00a0f) du RGPD), le droit de conserver chez nous les donn\u00e9es que vous nous avez transmises, et ce, pendant une dur\u00e9e maximale de 6\u00a0mois \u00e0 compter de la fin de la proc\u00e9dure de candidature (refus ou retrait de la candidature). Ensuite, les donn\u00e9es sont effac\u00e9es et les dossiers de candidature physiques sont d\u00e9truits. La conservation sert notamment \u00e0 des fins de preuve en cas de litige juridique. Pour autant qu\u2019il apparaisse \u00e9vident que les donn\u00e9es seront n\u00e9cessaires apr\u00e8s l\u2019expiration du d\u00e9lai de six mois (du fait, p. ex., d\u2019un litige juridique imminent ou en cours), l\u2019effacement n\u2019a lieu que lorsque la finalit\u00e9 de la conservation ult\u00e9rieure n\u2019a plus lieu d\u2019\u00eatre.<\/p>\n<p>Une conservation d\u2019une plus longue dur\u00e9e peut en outre avoir lieu si vous avez donn\u00e9 un consentement correspondant (art.\u00a06, par.\u00a0 1, pt\u00a0a) du RGPD) ou si des obligations l\u00e9gales de conservation s\u2019opposent \u00e0 l\u2019effacement. Le consentement peut \u00eatre retir\u00e9 \u00e0 tout moment, avec effet pour l\u2019avenir.<\/p>\n\t\t\t\t\t\t\t\t<\/div>\n\t\t\t\t<\/div>\n\t\t\t\t<\/div>\n\t\t\t\t\t<\/details>\n\t\t\t\t\t<\/div>\n\t\t\t\t\t\t<\/div>\n\t\t\t\t<\/div>\n\t\t\t\t<\/div>\n\t\t\t\t\t<\/div>\n\t\t\t\t<\/div>\n\t\t<div class=\"elementor-element elementor-element-2e0d9b7 e-flex e-con-boxed e-con e-parent\" data-id=\"2e0d9b7\" data-element_type=\"container\">\n\t\t\t\t\t<div class=\"e-con-inner\">\n\t\t<div class=\"elementor-element elementor-element-a9306bb e-con-full e-flex e-con e-child\" data-id=\"a9306bb\" data-element_type=\"container\">\n\t\t\t\t<div class=\"elementor-element elementor-element-b64f506 elementor-widget elementor-widget-heading\" data-id=\"b64f506\" data-element_type=\"widget\" data-widget_type=\"heading.default\">\n\t\t\t\t<div class=\"elementor-widget-container\">\n\t\t\t\t\t<h2 class=\"elementor-heading-title elementor-size-default\">Plugins et outils<\/h2>\t\t\t\t<\/div>\n\t\t\t\t<\/div>\n\t\t\t\t<\/div>\n\t\t<div class=\"elementor-element elementor-element-de87c98 e-con-full e-flex e-con e-child\" data-id=\"de87c98\" data-element_type=\"container\">\n\t\t\t\t<div class=\"elementor-element elementor-element-1e73e6e elementor-widget elementor-widget-n-accordion\" data-id=\"1e73e6e\" data-element_type=\"widget\" data-settings=\"{&quot;default_state&quot;:&quot;all_collapsed&quot;,&quot;max_items_expended&quot;:&quot;one&quot;,&quot;n_accordion_animation_duration&quot;:{&quot;unit&quot;:&quot;ms&quot;,&quot;size&quot;:400,&quot;sizes&quot;:[]}}\" data-widget_type=\"nested-accordion.default\">\n\t\t\t\t<div class=\"elementor-widget-container\">\n\t\t\t\t\t\t\t<div class=\"e-n-accordion\" aria-label=\"Accordion. Open links with Enter or Space, close with Escape, and navigate with Arrow Keys\">\n\t\t\t\t\t\t<details id=\"e-n-accordion-item-3190\" class=\"e-n-accordion-item\" >\n\t\t\t\t<summary class=\"e-n-accordion-item-title\" data-accordion-index=\"1\" tabindex=\"0\" aria-expanded=\"false\" aria-controls=\"e-n-accordion-item-3190\" >\n\t\t\t\t\t<span class='e-n-accordion-item-title-header'><div class=\"e-n-accordion-item-title-text\"> MyFonts <\/div><\/span>\n\t\t\t\t\t\t\t<span class='e-n-accordion-item-title-icon'>\n\t\t\t<span class='e-opened' ><i aria-hidden=\"true\" class=\"fas fa-angle-down\"><\/i><\/span>\n\t\t\t<span class='e-closed'><i aria-hidden=\"true\" class=\"fas fa-angle-right\"><\/i><\/span>\n\t\t<\/span>\n\n\t\t\t\t\t\t<\/summary>\n\t\t\t\t<div role=\"region\" aria-labelledby=\"e-n-accordion-item-3190\" class=\"elementor-element elementor-element-0a26c19 e-con-full e-flex e-con e-child\" data-id=\"0a26c19\" data-element_type=\"container\">\n\t\t\t\t<div class=\"elementor-element elementor-element-507d248 elementor-widget elementor-widget-text-editor\" data-id=\"507d248\" data-element_type=\"widget\" data-widget_type=\"text-editor.default\">\n\t\t\t\t<div class=\"elementor-widget-container\">\n\t\t\t\t\t\t\t\t\t<p>Le pr\u00e9sent site utilise MyFonts. Il s\u2019agit \u00e0 cet \u00e9gard de polices de caract\u00e8res qui sont charg\u00e9es dans votre navigateur lorsque vous consultez notre site Internet, afin de garantir ainsi une apparence typographique uniforme de la repr\u00e9sentation du site Internet. Le fournisseur en est Monotype Imaging Holdings Inc., 600\u00a0Unicorn Park Drive, Woburn, Massachusetts\u00a001801, \u00c9tats-Unis. Afin de v\u00e9rifier le respect des conditions de licence et le nombre de pages consult\u00e9es par mois, MyFonts transf\u00e8re votre adresse\u00a0IP ainsi que l\u2019URL de notre site Internet et nos donn\u00e9es contractuelles sur ses serveurs aux \u00c9tats-Unis. Selon Monotype, votre adresse IP est imm\u00e9diatement anonymis\u00e9e apr\u00e8s sa transmission, de sorte qu\u2019aucun caract\u00e8re personnel ne peut plus \u00eatre \u00e9tabli (anonymisation).<\/p>\n<p>Pour de plus amples d\u00e9tails, veuillez consulter la d\u00e9claration relative \u00e0 la protection des donn\u00e9es de Monotype \u00e0 l\u2019adresse suivante\u00a0:\u00a0<a href=\"https:\/\/www.monotype.com\/fr\/politique-de-confidentialit%C3%A9-pour-le-suivi-des-polices-web\">https:\/\/www.monotype.com\/fr\/politique-de-confidentialit%C3%A9-pour-le-suivi-des-polices-web<\/a><\/p>\n\t\t\t\t\t\t\t\t<\/div>\n\t\t\t\t<\/div>\n\t\t\t\t<\/div>\n\t\t\t\t\t<\/details>\n\t\t\t\t\t<\/div>\n\t\t\t\t\t\t<\/div>\n\t\t\t\t<\/div>\n\t\t\t\t<\/div>\n\t\t\t\t\t<\/div>\n\t\t\t\t<\/div>\n\t\t<div class=\"elementor-element elementor-element-a53fc03 e-flex e-con-boxed e-con e-parent\" data-id=\"a53fc03\" data-element_type=\"container\">\n\t\t\t\t\t<div class=\"e-con-inner\">\n\t\t<div class=\"elementor-element elementor-element-8b82e27 e-con-full e-flex e-con e-child\" data-id=\"8b82e27\" data-element_type=\"container\">\n\t\t\t\t<div class=\"elementor-element elementor-element-274ada1 elementor-widget elementor-widget-heading\" data-id=\"274ada1\" data-element_type=\"widget\" data-widget_type=\"heading.default\">\n\t\t\t\t<div class=\"elementor-widget-container\">\n\t\t\t\t\t<h2 class=\"elementor-heading-title elementor-size-default\">Nos pr\u00e9sences sur les r\u00e9seaux sociaux<\/h2>\t\t\t\t<\/div>\n\t\t\t\t<\/div>\n\t\t\t\t<\/div>\n\t\t<div class=\"elementor-element elementor-element-a7893e1 e-con-full e-flex e-con e-child\" data-id=\"a7893e1\" data-element_type=\"container\">\n\t\t\t\t<div class=\"elementor-element elementor-element-710d2fe elementor-widget elementor-widget-n-accordion\" data-id=\"710d2fe\" data-element_type=\"widget\" data-settings=\"{&quot;default_state&quot;:&quot;all_collapsed&quot;,&quot;max_items_expended&quot;:&quot;one&quot;,&quot;n_accordion_animation_duration&quot;:{&quot;unit&quot;:&quot;ms&quot;,&quot;size&quot;:400,&quot;sizes&quot;:[]}}\" data-widget_type=\"nested-accordion.default\">\n\t\t\t\t<div class=\"elementor-widget-container\">\n\t\t\t\t\t\t\t<div class=\"e-n-accordion\" aria-label=\"Accordion. Open links with Enter or Space, close with Escape, and navigate with Arrow Keys\">\n\t\t\t\t\t\t<details id=\"e-n-accordion-item-1180\" class=\"e-n-accordion-item\" >\n\t\t\t\t<summary class=\"e-n-accordion-item-title\" data-accordion-index=\"1\" tabindex=\"0\" aria-expanded=\"false\" aria-controls=\"e-n-accordion-item-1180\" >\n\t\t\t\t\t<span class='e-n-accordion-item-title-header'><div class=\"e-n-accordion-item-title-text\"> Finalit\u00e9 du traitement des donn\u00e9es sur nos profils des r\u00e9seaux sociaux <\/div><\/span>\n\t\t\t\t\t\t\t<span class='e-n-accordion-item-title-icon'>\n\t\t\t<span class='e-opened' ><i aria-hidden=\"true\" class=\"fas fa-angle-down\"><\/i><\/span>\n\t\t\t<span class='e-closed'><i aria-hidden=\"true\" class=\"fas fa-angle-right\"><\/i><\/span>\n\t\t<\/span>\n\n\t\t\t\t\t\t<\/summary>\n\t\t\t\t<div role=\"region\" aria-labelledby=\"e-n-accordion-item-1180\" class=\"elementor-element elementor-element-c9062e3 e-con-full e-flex e-con e-child\" data-id=\"c9062e3\" data-element_type=\"container\">\n\t\t\t\t<div class=\"elementor-element elementor-element-5dcafdc elementor-widget elementor-widget-text-editor\" data-id=\"5dcafdc\" data-element_type=\"widget\" data-widget_type=\"text-editor.default\">\n\t\t\t\t<div class=\"elementor-widget-container\">\n\t\t\t\t\t\t\t\t\t<p>Nous animons des profils publiquement accessibles sur les r\u00e9seaux sociaux. Vous trouverez ci-dessous le d\u00e9tail des r\u00e9seaux sociaux que nous utilisons. La finalit\u00e9 de telles pr\u00e9sences sur les r\u00e9seaux sociaux r\u00e9side dans le travail de relations publiques, et consiste ainsi \u00e0 y proposer \u00e0 nos clients des informations sur des offres, des produits, des jeux-concours, des nouveaut\u00e9s et, bien entendu, \u00e0 interagir sur tous ces sujets avec nos visiteurs sur les diff\u00e9rentes plateformes, y compris en r\u00e9pondant \u00e0 des demandes de renseignements correspondantes. Ce faisant, la visite purement informative de nos\u00a0 comptes sur les r\u00e9seaux sociaux est, en principe, possible sans saisie active ou collecte de donn\u00e9es \u00e0 caract\u00e8re personnel.<\/p>\n<p>Les r\u00e9seaux sociaux offrent en outre la possibilit\u00e9 d\u2019afficher les contenus les plus divers, tels que des vid\u00e9os, des images, des messages publics et des commentaires (posts) sur les profils de notre entreprise. En cas de posts ou de contenus illicites ou inappropri\u00e9s sur nos profils (au nombre desquels comptent notamment les posts portant atteinte \u00e0 la loi ou illicites, les commentaires haineux, les commentaires suggestifs (contenus explicitement sexuels) ou les pi\u00e8ces jointes telles que, p.\u00a0ex., des images ou des vid\u00e9os, ainsi que les posts ou contenus constituant une infraction aux droits d\u2019auteur, aux droits de la personnalit\u00e9 et aux lois p\u00e9nales), la responsabilit\u00e9 nous incombe de proc\u00e9der \u00e0 la suppression desdits posts ou contenus en collaboration avec l\u2019exploitant de la plateforme. En cas de communication nous \u00e9tant directement adress\u00e9e (message personnel, lettre ou courrier \u00e9lectronique), l\u2019exploitant n\u2019a aucune possibilit\u00e9 d\u2019intervention.<\/p>\n<p>Les r\u00e9seaux sociaux sont g\u00e9n\u00e9ralement en mesure d\u2019analyser de mani\u00e8re approfondie votre comportement d\u2019utilisateur lorsque vous visitez leur site Internet ou un site Internet auquel sont int\u00e9gr\u00e9s des contenus de r\u00e9seaux sociaux (boutons \u00ab\u00a0Like\u00a0\u00bb ou banni\u00e8res publicitaires, p.\u00a0ex.). \u00c0 cet \u00e9gard, la visite de nos comptes sur les r\u00e9seaux sociaux peut, le cas \u00e9ch\u00e9ant, d\u00e9clencher de nombreux processus de traitement relevant de la protection des donn\u00e9es. Ces processus peuvent notamment \u00eatre les suivants\u00a0:<\/p>\n<ul>\n<li>La responsabilit\u00e9 de l\u2019ensemble de l\u2019infrastructure d\u2019un r\u00e9seau social incombe \u00e0 l\u2019exploitant respectif de ce r\u00e9seau social. Ledit exploitant applique ses propres dispositions en mati\u00e8re de protection des donn\u00e9es et entretient avec vous une relation d\u2019utilisateur correspondante lorsque vous agissez en tant qu\u2019utilisateur enregistr\u00e9.<\/li>\n<li>Sur un r\u00e9seau social, lorsque vous \u00eates connect\u00e9 \u00e0 votre compte et que vous visitez notre pr\u00e9sence sur ce r\u00e9seau social, l\u2019exploitant dudit r\u00e9seau social est en mesure d\u2019attribuer la visite que vous avez effectu\u00e9e \u00e0 votre compte d\u2019utilisateur. Dans certaines circonstances, les donn\u00e9es \u00e0 caract\u00e8re personnel vous concernant peuvent toutefois \u00e9galement \u00eatre collect\u00e9es, et ce, m\u00eame si vous n\u2019\u00eates pas connect\u00e9(e) ou que vous ne poss\u00e9dez pas de compte sur le r\u00e9seau social concern\u00e9. Dans ce cas, la collecte de donn\u00e9es s\u2019effectue par exemple par le biais de t\u00e9moins de connexion conserv\u00e9s sur votre terminal ou en raison de la collecte technique de diff\u00e9rentes donn\u00e9es et informations dans des fichiers journaux de serveur, telles que, p.\u00a0ex., votre adresse\u00a0IP.<\/li>\n<li>Les donn\u00e9es ainsi collect\u00e9es permettent aux exploitants des r\u00e9seaux sociaux de cr\u00e9er des profils d\u2019utilisateurs dans lesquels sont enregistr\u00e9s vos pr\u00e9f\u00e9rences et vos centres d\u2019int\u00e9r\u00eat. Il est, de cette mani\u00e8re, possible d\u2019afficher \u00e0 votre attention de la publicit\u00e9 bas\u00e9e sur vos centres d\u2019int\u00e9r\u00eat au sein m\u00eame ou en dehors de la pr\u00e9sence concern\u00e9e du r\u00e9seau social. Pour autant que vous disposiez d\u2019un compte sur le r\u00e9seau social concern\u00e9, la publicit\u00e9 cibl\u00e9e en fonction de certains centres d\u2019int\u00e9r\u00eat peut \u00eatre affich\u00e9e sur tous les appareils sur lesquels vous \u00eates ou avez \u00e9t\u00e9 connect\u00e9(e).<\/li>\n<\/ul>\n<p>Veuillez noter que nous ne sommes pas en mesure de comprendre la totalit\u00e9 des processus de traitement \u00e0 l\u2019\u0153uvre sur les r\u00e9seaux sociaux. Selon le fournisseur, d\u2019autres op\u00e9rations de traitement peuvent donc \u00e9ventuellement \u00eatre effectu\u00e9es par les exploitants des r\u00e9seaux sociaux. Pour de plus amples d\u00e9tails, veuillez consulter les conditions d\u2019utilisation et les dispositions relatives \u00e0 la protection des donn\u00e9es des r\u00e9seaux sociaux respectifs.<\/p>\n<p>L\u00e0 o\u00f9 nous en avons la possibilit\u00e9, nous veillons \u00e0 ce que les offres qui sont les n\u00f4tres en mati\u00e8re de r\u00e9seaux sociaux soient aussi respectueuses que possible de la protection des donn\u00e9es.<\/p>\n\t\t\t\t\t\t\t\t<\/div>\n\t\t\t\t<\/div>\n\t\t\t\t<\/div>\n\t\t\t\t\t<\/details>\n\t\t\t\t\t\t<details id=\"e-n-accordion-item-1181\" class=\"e-n-accordion-item\" >\n\t\t\t\t<summary class=\"e-n-accordion-item-title\" data-accordion-index=\"2\" tabindex=\"-1\" aria-expanded=\"false\" aria-controls=\"e-n-accordion-item-1181\" >\n\t\t\t\t\t<span class='e-n-accordion-item-title-header'><div class=\"e-n-accordion-item-title-text\"> Base juridique <\/div><\/span>\n\t\t\t\t\t\t\t<span class='e-n-accordion-item-title-icon'>\n\t\t\t<span class='e-opened' ><i aria-hidden=\"true\" class=\"fas fa-angle-down\"><\/i><\/span>\n\t\t\t<span class='e-closed'><i aria-hidden=\"true\" class=\"fas fa-angle-right\"><\/i><\/span>\n\t\t<\/span>\n\n\t\t\t\t\t\t<\/summary>\n\t\t\t\t<div role=\"region\" aria-labelledby=\"e-n-accordion-item-1181\" class=\"elementor-element elementor-element-7a218b3 e-con-full e-flex e-con e-child\" data-id=\"7a218b3\" data-element_type=\"container\">\n\t\t\t\t<div class=\"elementor-element elementor-element-e84a8b1 elementor-widget elementor-widget-text-editor\" data-id=\"e84a8b1\" data-element_type=\"widget\" data-widget_type=\"text-editor.default\">\n\t\t\t\t<div class=\"elementor-widget-container\">\n\t\t\t\t\t\t\t\t\t<p>Nos pr\u00e9sences sur les r\u00e9seaux sociaux s\u2019inscrivent dans le cadre de nos activit\u00e9s de relations publiques et visent \u00e0 assurer une pr\u00e9sence aussi \u00e9tendue que possible sur Internet. \u00c0 cela s\u2019ajoute l\u2019int\u00e9r\u00eat l\u00e9gitime que nous avons de r\u00e9pondre aux demandes de nos utilisateurs et visiteurs et, par l\u00e0 m\u00eame, de pr\u00e9server et de promouvoir la satisfaction des clients. Il s\u2019agit \u00e0 cet \u00e9gard d\u2019un int\u00e9r\u00eat l\u00e9gitime au sens de l\u2019art.\u00a06, par.\u00a0 1, pt\u00a0f) du RGPD.<\/p>\n<p>Les processus d\u2019analyse initi\u00e9s par les r\u00e9seaux sociaux reposent, le cas \u00e9ch\u00e9ant, sur des bases juridiques divergentes qui doivent \u00eatre indiqu\u00e9es par les exploitants des r\u00e9seaux sociaux (consentement au sens de l\u2019art.\u00a06, par.\u00a0 1, pt\u00a0a) du RGPD, p.\u00a0ex.).<\/p>\n\t\t\t\t\t\t\t\t<\/div>\n\t\t\t\t<\/div>\n\t\t\t\t<\/div>\n\t\t\t\t\t<\/details>\n\t\t\t\t\t\t<details id=\"e-n-accordion-item-1182\" class=\"e-n-accordion-item\" >\n\t\t\t\t<summary class=\"e-n-accordion-item-title\" data-accordion-index=\"3\" tabindex=\"-1\" aria-expanded=\"false\" aria-controls=\"e-n-accordion-item-1182\" >\n\t\t\t\t\t<span class='e-n-accordion-item-title-header'><div class=\"e-n-accordion-item-title-text\"> Responsable du traitement et exercice de droits <\/div><\/span>\n\t\t\t\t\t\t\t<span class='e-n-accordion-item-title-icon'>\n\t\t\t<span class='e-opened' ><i aria-hidden=\"true\" class=\"fas fa-angle-down\"><\/i><\/span>\n\t\t\t<span class='e-closed'><i aria-hidden=\"true\" class=\"fas fa-angle-right\"><\/i><\/span>\n\t\t<\/span>\n\n\t\t\t\t\t\t<\/summary>\n\t\t\t\t<div role=\"region\" aria-labelledby=\"e-n-accordion-item-1182\" class=\"elementor-element elementor-element-b862a54 e-con-full e-flex e-con e-child\" data-id=\"b862a54\" data-element_type=\"container\">\n\t\t\t\t<div class=\"elementor-element elementor-element-80d19b0 elementor-widget elementor-widget-text-editor\" data-id=\"80d19b0\" data-element_type=\"widget\" data-widget_type=\"text-editor.default\">\n\t\t\t\t<div class=\"elementor-widget-container\">\n\t\t\t\t\t\t\t\t\t<p>Si vous visitez l\u2019un de nos profils sur les r\u00e9seaux sociaux (Facebook, p.\u00a0ex.), la responsabilit\u00e9 des processus de traitement des donn\u00e9es d\u00e9clench\u00e9s lors de cette visite nous incombe conjointement avec l\u2019exploitant des r\u00e9seaux sociaux concern\u00e9s. Vous pouvez, en principe, aussi bien faire valoir vos droits (d\u2019acc\u00e8s, de rectification, d\u2019effacement, de limitation du traitement, de portabilit\u00e9 des donn\u00e9es et de r\u00e9clamation) \u00e0 notre \u00e9gard qu\u2019\u00e0 l\u2019\u00e9gard de l\u2019exploitant du r\u00e9seau social concern\u00e9 (\u00e0 l\u2019\u00e9gard de Facebook, p. ex.).<\/p>\n<p>Veuillez noter le fait que, en d\u00e9pit de la responsabilit\u00e9 partag\u00e9e qui est la n\u00f4tre avec les exploitants des r\u00e9seaux sociaux, nous n\u2019avons pas une influence totale sur les processus de traitement des donn\u00e9es des r\u00e9seaux sociaux. Nos possibilit\u00e9s d\u00e9pendent en grande partie de la politique d\u2019entreprise du fournisseur concern\u00e9.<\/p>\n\t\t\t\t\t\t\t\t<\/div>\n\t\t\t\t<\/div>\n\t\t\t\t<\/div>\n\t\t\t\t\t<\/details>\n\t\t\t\t\t\t<details id=\"e-n-accordion-item-1183\" class=\"e-n-accordion-item\" >\n\t\t\t\t<summary class=\"e-n-accordion-item-title\" data-accordion-index=\"4\" tabindex=\"-1\" aria-expanded=\"false\" aria-controls=\"e-n-accordion-item-1183\" >\n\t\t\t\t\t<span class='e-n-accordion-item-title-header'><div class=\"e-n-accordion-item-title-text\"> Dur\u00e9e de conservation <\/div><\/span>\n\t\t\t\t\t\t\t<span class='e-n-accordion-item-title-icon'>\n\t\t\t<span class='e-opened' ><i aria-hidden=\"true\" class=\"fas fa-angle-down\"><\/i><\/span>\n\t\t\t<span class='e-closed'><i aria-hidden=\"true\" class=\"fas fa-angle-right\"><\/i><\/span>\n\t\t<\/span>\n\n\t\t\t\t\t\t<\/summary>\n\t\t\t\t<div role=\"region\" aria-labelledby=\"e-n-accordion-item-1183\" class=\"elementor-element elementor-element-81e1fea e-con-full e-flex e-con e-child\" data-id=\"81e1fea\" data-element_type=\"container\">\n\t\t\t\t<div class=\"elementor-element elementor-element-9d8f6b7 elementor-widget elementor-widget-text-editor\" data-id=\"9d8f6b7\" data-element_type=\"widget\" data-widget_type=\"text-editor.default\">\n\t\t\t\t<div class=\"elementor-widget-container\">\n\t\t\t\t\t\t\t\t\t<p>Les donn\u00e9es directement collect\u00e9es par nos soins via notre pr\u00e9sence sur les r\u00e9seaux sociaux sont effac\u00e9es de nos syst\u00e8mes d\u00e8s que la finalit\u00e9 de leur conservation n\u2019a plus lieu d\u2019\u00eatre, que vous nous demandez de les effacer, que vous retirez votre consentement \u00e0 la conservation ou que la finalit\u00e9 de la conservation des donn\u00e9es n\u2019a plus lieu d\u2019\u00eatre. Les dispositions l\u00e9gales contraignantes \u2013\u00a0notamment les d\u00e9lais de conservation\u00a0\u2013 ne sont pas affect\u00e9es.<\/p>\n<p>Nous n\u2019avons aucune influence sur la dur\u00e9e de conservation des donn\u00e9es vous concernant conserv\u00e9es par les exploitants des r\u00e9seaux sociaux \u00e0 des fins qui leur sont propres. Pour de plus amples d\u00e9tails, veuillez vous informer directement aupr\u00e8s des exploitants des r\u00e9seaux sociaux (en consultant, p. ex., leur d\u00e9claration relative \u00e0 la protection des donn\u00e9es, voir ci-dessous). Les t\u00e9moins de connexion conserv\u00e9s demeurent sur votre terminal jusqu\u2019\u00e0 ce que vous les effaciez.<\/p>\n<p>Les posts publics effectu\u00e9s par vos soins sur les profils qui nous avons sur les r\u00e9seaux sociaux demeurent, en principe, illimit\u00e9s dans le temps. Il va bien entendu de soi que vous avez ici, dans la mesure o\u00f9 cela est possible, la possibilit\u00e9 de supprimer vous-m\u00eame ces posts. Ainsi que cela est d\u00e9crit plus haut, nous nous r\u00e9servons le droit de proc\u00e9der en toute autonomie \u00e0 un effacement en cas de posts et de contenus illicites\u00a0 ou inappropri\u00e9s sur notre pr\u00e9sence. Nous ne disposons d\u2019aucune possibilit\u00e9 d\u2019intervention en cas d\u2019effacement des donn\u00e9es vous concernant ou de contenus par l\u2019exploitant d\u2019un r\u00e9seau social. Il convient \u00e0 cet \u00e9gard de noter que les dispositions relatives \u00e0 la protection des donn\u00e9es des exploitants des plateformes respectives s\u2019appliquent \u00e0 titre compl\u00e9mentaire.<\/p>\n\t\t\t\t\t\t\t\t<\/div>\n\t\t\t\t<\/div>\n\t\t\t\t<\/div>\n\t\t\t\t\t<\/details>\n\t\t\t\t\t\t<details id=\"e-n-accordion-item-1184\" class=\"e-n-accordion-item\" >\n\t\t\t\t<summary class=\"e-n-accordion-item-title\" data-accordion-index=\"5\" tabindex=\"-1\" aria-expanded=\"false\" aria-controls=\"e-n-accordion-item-1184\" >\n\t\t\t\t\t<span class='e-n-accordion-item-title-header'><div class=\"e-n-accordion-item-title-text\"> D\u00e9tail de notre pr\u00e9sence sur les r\u00e9seaux sociaux <\/div><\/span>\n\t\t\t\t\t\t\t<span class='e-n-accordion-item-title-icon'>\n\t\t\t<span class='e-opened' ><i aria-hidden=\"true\" class=\"fas fa-angle-down\"><\/i><\/span>\n\t\t\t<span class='e-closed'><i aria-hidden=\"true\" class=\"fas fa-angle-right\"><\/i><\/span>\n\t\t<\/span>\n\n\t\t\t\t\t\t<\/summary>\n\t\t\t\t<div role=\"region\" aria-labelledby=\"e-n-accordion-item-1184\" class=\"elementor-element elementor-element-b4ba21a e-con-full e-flex e-con e-child\" data-id=\"b4ba21a\" data-element_type=\"container\">\n\t\t\t\t<div class=\"elementor-element elementor-element-5d4c0c5 elementor-widget elementor-widget-text-editor\" data-id=\"5d4c0c5\" data-element_type=\"widget\" data-widget_type=\"text-editor.default\">\n\t\t\t\t<div class=\"elementor-widget-container\">\n\t\t\t\t\t\t\t\t\t<ul>\n<li>XING\u00a0: Nous disposons d\u2019un profil sur XING. Le fournisseur est la soci\u00e9t\u00e9 New Work\u00a0SE, Dammtorstra\u00dfe 30, 20354 Hambourg, Allemagne.Pour de plus amples d\u00e9tails quant \u00e0 la mani\u00e8re dont cette soci\u00e9t\u00e9 traite les donn\u00e9es \u00e0 caract\u00e8re personnel vous concernant, veuillez consulter la d\u00e9claration relative \u00e0 la protection des donn\u00e9es de XING\u00a0:\u00a0<a href=\"https:\/\/privacy.xing.com\/en\/privacy-policy\">https:\/\/privacy.xing.com\/en\/privacy-policy<\/a>.<\/li>\n<li>LinkedIn\u00a0: Nous disposons d\u2019un profil sur LinkedIn. Le fournisseur est LinkedIn Ireland Unlimited Company, Wilton Plaza, Wilton Place, Dublin\u00a02, Irlande. LinkedIn utilise des t\u00e9moins de connexion publicitaires.Si vous souhaitez d\u00e9sactiver les t\u00e9moins de connexion publicitaires de LinkedIn, veuillez alors utiliser le lien suivant\u00a0:\u00a0<a href=\"https:\/\/www.linkedin.com\/psettings\/guest-controls\/retargeting-opt-out.\">https:\/\/www.linkedin.com\/psettings\/guest-controls\/retargeting-opt-out.<\/a>Le transfert de donn\u00e9es vers les \u00c9tats-Unis se fonde sur les clauses contractuelles standard de la Commission europ\u00e9enne. Pour de plus amples d\u00e9tails, veuillez consulter les pages suivantes\u00a0:\u00a0<a href=\"https:\/\/www.linkedin.com\/legal\/l\/dpa\">https:\/\/www.linkedin.com\/legal\/l\/dpa<\/a>et\u00a0<a href=\"https:\/\/www.linkedin.com\/legal\/l\/eu-sccs\">https:\/\/www.linkedin.com\/legal\/l\/eu-sccs<\/a>.Pour de plus amples d\u00e9tails quant \u00e0 la mani\u00e8re dont cette soci\u00e9t\u00e9 traite les donn\u00e9es \u00e0 caract\u00e8re personnel vous concernant, veuillez consulter la politique de confidentialit\u00e9 de LinkedIn:\u00a0<a href=\"https:\/\/www.linkedin.com\/legal\/privacy-policy\">https:\/\/www.linkedin.com\/legal\/privacy-policy<\/a>.<\/li>\n<\/ul>\n\t\t\t\t\t\t\t\t<\/div>\n\t\t\t\t<\/div>\n\t\t\t\t<\/div>\n\t\t\t\t\t<\/details>\n\t\t\t\t\t<\/div>\n\t\t\t\t\t\t<\/div>\n\t\t\t\t<\/div>\n\t\t\t\t<div class=\"elementor-element elementor-element-8b269d0 elementor-widget elementor-widget-n-accordion\" data-id=\"8b269d0\" data-element_type=\"widget\" data-settings=\"{&quot;default_state&quot;:&quot;all_collapsed&quot;,&quot;max_items_expended&quot;:&quot;one&quot;,&quot;n_accordion_animation_duration&quot;:{&quot;unit&quot;:&quot;ms&quot;,&quot;size&quot;:400,&quot;sizes&quot;:[]}}\" data-widget_type=\"nested-accordion.default\">\n\t\t\t\t<div class=\"elementor-widget-container\">\n\t\t\t\t\t\t\t<div class=\"e-n-accordion\" aria-label=\"Accordion. Open links with Enter or Space, close with Escape, and navigate with Arrow Keys\">\n\t\t\t\t\t\t<details id=\"e-n-accordion-item-1450\" class=\"e-n-accordion-item\" >\n\t\t\t\t<summary class=\"e-n-accordion-item-title\" data-accordion-index=\"1\" tabindex=\"0\" aria-expanded=\"false\" aria-controls=\"e-n-accordion-item-1450\" >\n\t\t\t\t\t<span class='e-n-accordion-item-title-header'><div class=\"e-n-accordion-item-title-text\"> Modification de nos informations relatives \u00e0 la protection des donn\u00e9es <\/div><\/span>\n\t\t\t\t\t\t\t<span class='e-n-accordion-item-title-icon'>\n\t\t\t<span class='e-opened' ><i aria-hidden=\"true\" class=\"fas fa-angle-down\"><\/i><\/span>\n\t\t\t<span class='e-closed'><i aria-hidden=\"true\" class=\"fas fa-angle-right\"><\/i><\/span>\n\t\t<\/span>\n\n\t\t\t\t\t\t<\/summary>\n\t\t\t\t<div role=\"region\" aria-labelledby=\"e-n-accordion-item-1450\" class=\"elementor-element elementor-element-a723da5 e-con-full e-flex e-con e-child\" data-id=\"a723da5\" data-element_type=\"container\">\n\t\t\t\t<div class=\"elementor-element elementor-element-e516624 elementor-widget elementor-widget-text-editor\" data-id=\"e516624\" data-element_type=\"widget\" data-widget_type=\"text-editor.default\">\n\t\t\t\t<div class=\"elementor-widget-container\">\n\t\t\t\t\t\t\t\t\t<p>Nous nous r\u00e9servons le droit d\u2019adapter les pr\u00e9sentes informations relatives \u00e0 la protection des donn\u00e9es afin qu\u2019elles correspondent toujours aux exigences l\u00e9gales actuelles ou afin de transposer des modifications de nos prestations dans les informations relatives \u00e0 la protection des donn\u00e9es, p. ex. lors de l\u2019introduction de nouveaux services. Les nouvelles informations relatives \u00e0 la protection des donn\u00e9es s\u2019appliqueront lorsque vous visiterez de nouveau le site.<\/p>\n<p>Derni\u00e8re mise \u00e0 jour\u00a0: 07\/08\/2023<\/p>\n\t\t\t\t\t\t\t\t<\/div>\n\t\t\t\t<\/div>\n\t\t\t\t<\/div>\n\t\t\t\t\t<\/details>\n\t\t\t\t\t<\/div>\n\t\t\t\t\t\t<\/div>\n\t\t\t\t<\/div>\n\t\t\t\t<\/div>\n\t\t\t\t\t<\/div>\n\t\t\t\t<\/div>\n\t\t\t\t<\/div>\n\t\t","protected":false},"excerpt":{"rendered":"<p>Protection des donn\u00e9es D\u00e9claration relative \u00e0 la protection des donn\u00e9es Aper\u00e7u de la protection des donn\u00e9es Informations d\u2019ordre g\u00e9n\u00e9ral Nous vous remercions de l\u2019int\u00e9r\u00eat que vous portez \u00e0 notre site Internet. La protection des donn\u00e9es \u00e0 caract\u00e8re personnel vous concernant rev\u00eat une importance de tout premier ordre pour la direction de STARVERT Services GmbH &amp; [&hellip;]<\/p>\n","protected":false},"author":1,"featured_media":0,"parent":0,"menu_order":0,"comment_status":"closed","ping_status":"closed","template":"","meta":{"footnotes":""},"class_list":["post-64032","page","type-page","status-publish","hentry"],"_links":{"self":[{"href":"https:\/\/starvert-services.com\/fr\/wp-json\/wp\/v2\/pages\/64032","targetHints":{"allow":["GET"]}}],"collection":[{"href":"https:\/\/starvert-services.com\/fr\/wp-json\/wp\/v2\/pages"}],"about":[{"href":"https:\/\/starvert-services.com\/fr\/wp-json\/wp\/v2\/types\/page"}],"author":[{"embeddable":true,"href":"https:\/\/starvert-services.com\/fr\/wp-json\/wp\/v2\/users\/1"}],"replies":[{"embeddable":true,"href":"https:\/\/starvert-services.com\/fr\/wp-json\/wp\/v2\/comments?post=64032"}],"version-history":[{"count":3,"href":"https:\/\/starvert-services.com\/fr\/wp-json\/wp\/v2\/pages\/64032\/revisions"}],"predecessor-version":[{"id":65320,"href":"https:\/\/starvert-services.com\/fr\/wp-json\/wp\/v2\/pages\/64032\/revisions\/65320"}],"wp:attachment":[{"href":"https:\/\/starvert-services.com\/fr\/wp-json\/wp\/v2\/media?parent=64032"}],"curies":[{"name":"wp","href":"https:\/\/api.w.org\/{rel}","templated":true}]}}